{"id":648,"date":"2020-03-11T17:04:51","date_gmt":"2020-03-11T15:04:51","guid":{"rendered":"http:\/\/schule-dietramszell.de\/?page_id=648"},"modified":"2025-09-10T12:37:16","modified_gmt":"2025-09-10T10:37:16","slug":"aktuelles","status":"publish","type":"page","link":"https:\/\/schule-dietramszell.de\/?page_id=648","title":{"rendered":"Aktuelles"},"content":{"rendered":"\n<p style=\"text-align: right;\">10.09.2025<\/p>\n<p><span style=\"font-size: 24px; color: #ff00ff;\"><strong>Schulstart 2025\/26<\/strong><\/span><\/p>\n<p>Am Dienstag, 16.09.2025, starten wir gemeinsam in ein neues Schuljahr.<br \/>F\u00fcr unsere neuen Erstkl\u00e4ssler beginnt der erste Schultag mit einer Morgenfeier in der Klosterkirche.<br \/>Um 9:00 Uhr lernen sie in der Aula ihre Lehrkr\u00e4fte kennen bevor es in die Klassen geht.<br \/>Schulschluss ist um 10:15 Uhr.<br \/>Ein Dankesch\u00f6n geht an den Elternbeirat, der die Kaffeebar betreut.<\/p>\n<p>Alle F\u00fcnftkl\u00e4ssler treffen sich um 8:15 Uhr in der Aula.<\/p>\n<p><span style=\"font-size: 20px; color: #ff0000;\"><strong>Hinweis<\/strong><\/span>:<br \/>Der Peretshofener Berg ist vom 16.09. bis 31.10.25 gesperrt.<br \/>Deshalb kann es bei den Bussen der Fa. Matheis (Isartaler) zu Versp\u00e4tungen kommen.<br \/>Wir bitten um Verst\u00e4ndnis, dass Wartezeiten entstehen k\u00f6nnen.<\/p>\n<p><span style=\"background-color: #ffff00;\"><strong><span style=\"font-size: 20px; background-color: #ffff00;\"><span style=\"background-color: #00ff00;\">Alle Eltern, die ihre Kinder begleiten, k\u00f6nnen am Parkplatz hinter dem Pfarrheim parken.<\/span><br \/><span style=\"background-color: #00ff00;\">Aufgrund der \u00e4u\u00dferst schwierigen Parkplatzsituation bitten wir auch um Vermeidung von &#8222;Elterntaxis&#8220; w\u00e4hrend des Schuljahres. Sollte dies aber notwendig sein, steht auch hier der Parkplatz hinter dem Pfarrheim zur Verf\u00fcgung.\u00a0<br \/>Die Nutzung des Parkplatzes am Rathaus schafft Gefahrensituationen, die unbedingt vermieden werden m\u00fcssen. Die Schule, die Gemeindeverwaltung und B\u00fcrgermeister Josef Hauser bitten um Verst\u00e4ndnis, dass Sie die Parkpl\u00e4tze um das Rathaus nicht f\u00fcr Fahrdienste verwenden.<\/span><\/span><\/strong><\/span><\/p>\n<p>Ich w\u00fcnsche allen einen guten Start und freue mich auf konstruktive Zusammenarbeit.<\/p>\n<p>S. Falkenhahn, Rin<\/p>\n<p>\u00a0<\/p>\n\n\n\n<p style=\"text-align: right;\">01.08.2025<\/p>\n<p>Liebe Eltern,<\/p>\n<p>ich m\u00f6chte Ihnen auf diesem Wege ein neues Pr\u00e4ventionsangebot der Bayerischen Polizei f\u00fcr die Schulwegsicherheit zukommen lassen:<br><a href=\"http:\/\/schule-dietramszell.de\/wp-content\/uploads\/2025\/08\/Anlage-1_Schreiben-von-Frau-StMin-Stolz-und-Herrn-StM-Herrmann-an-die-Erziehungsberechtigten.pdf\">Anlage 1_Schreiben von Frau StMin Stolz und Herrn StM Herrmann an die Erziehungsberechtigten<\/a> <br><a href=\"http:\/\/schule-dietramszell.de\/wp-content\/uploads\/2025\/08\/Anlage-2_Flyer_Verdaechtiges-Ansprechen-von-Kindern.pdf\">Anlage 2_Flyer_Verd\u00e4chtiges Ansprechen von Kindern<\/a><br>Ich w\u00fcnsche allen erholsame Ferien.<br>S. Falkenhahn, Rin<\/p>\n\n\n\n<p style=\"text-align: right;\">30.07.2025<\/p>\n<p>Liebe Eltern,<\/p>\n<p>heute erreichte uns folgende Benachrichtigung zur Linie 368:<\/p>\n<p>Sehr geehrte Damen und Herren,<br>Am Montag, dem 04.08.2025 beginnen die Bauarbeiten unter Vollsperrung an der Zellerbachbr\u00fccke in Dietramszell.&nbsp;<br>Fahrten der Linie 368 m\u00fcssen, wie auch schon im letzten Jahr, aufgrund der begrenzten Umleitungs- und Wendem\u00f6glichkeiten f\u00fcr Linienbusse, gro\u00dfr\u00e4umig umgeleitet werden.<br>Hier finden Sie den Umleitungsfahrplan mit G\u00fcltigkeit ab 04.08.2025:<br><a href=\"http:\/\/schule-dietramszell.de\/wp-content\/uploads\/2025\/07\/Schuelerbefoerderung_Buchseite-19-368-s25-3.pdf\">Sch\u00fclerbef\u00f6rderung_Buchseite-19-368-s25-3<\/a><br>Die Bauarbeiten werden vsl. bis zum 26.09.2025 andauern und betreffen somit auch das n\u00e4chste Schuljahr.<br>Alle Infos und aktuelle Fahrpl\u00e4ne k\u00f6nnen unter folgenden Link eingesehen&nbsp;werden: <a href=\"http:\/\/www.mvv-auskunft.de\">www.mvv-auskunft.de<\/a> &lt;<a href=\"http:\/\/www.mvv-auskunft.de\">http:\/\/www.mvv-auskunft.de<\/a>&gt;<br>Wir empfehlen, sich stets vor Fahrtantritt aktuell \u00fcber evtl.&nbsp;Fahrplan\u00e4nderungen zu informieren,&nbsp;da es in Abh\u00e4ngigkeit des Baufortschritts zu \u00c4nderungen des angegebenen Zeitraumes kommen kann.<br>Vielen Dank f\u00fcr Ihre Unterst\u00fctzung und schon heute w\u00fcnschen wir&nbsp;Ihnen allen und der Sch\u00fclerschaft sch\u00f6ne Sommerferien.<br>Mit freundlichen Gr\u00fc\u00dfen<br>Karin K\u00e4rger<br>Landratsamt Bad T\u00f6lz-Wolfratshausen<\/p>\n<p>S. Falkenhahn, Rin<\/p>\n\n\n\n\n\n<p style=\"text-align: right;\">24.02.2025<\/p>\n<p>Liebe Eltern,<\/p>\n<p>seit 12.02.2025 arbeiten wir mit dem Schulmanager.<br>Sollten Sie keine Einladung per Mail erhalten haben, so melden Sie sich bitte im Sekretariat.<\/p>\n<p>S. Falkenhahn, Rin<\/p>\n\n\n","protected":false},"excerpt":{"rendered":"<p>10.09.2025 Schulstart 2025\/26 Am Dienstag, 16.09.2025, starten wir gemeinsam in ein neues Schuljahr.F\u00fcr unsere neuen Erstkl\u00e4ssler beginnt der erste Schultag mit einer Morgenfeier in der Klosterkirche.Um 9:00 Uhr lernen sie in der Aula ihre Lehrkr\u00e4fte kennen bevor es in die Klassen geht.Schulschluss ist um 10:15 Uhr.Ein Dankesch\u00f6n geht an den Elternbeirat, der die Kaffeebar betreut. [&hellip;]<\/p>\n","protected":false},"author":2,"featured_media":0,"parent":0,"menu_order":0,"comment_status":"closed","ping_status":"closed","template":"","meta":[],"_links":{"self":[{"href":"https:\/\/schule-dietramszell.de\/index.php?rest_route=\/wp\/v2\/pages\/648"}],"collection":[{"href":"https:\/\/schule-dietramszell.de\/index.php?rest_route=\/wp\/v2\/pages"}],"about":[{"href":"https:\/\/schule-dietramszell.de\/index.php?rest_route=\/wp\/v2\/types\/page"}],"author":[{"embeddable":true,"href":"https:\/\/schule-dietramszell.de\/index.php?rest_route=\/wp\/v2\/users\/2"}],"replies":[{"embeddable":true,"href":"https:\/\/schule-dietramszell.de\/index.php?rest_route=%2Fwp%2Fv2%2Fcomments&post=648"}],"version-history":[{"count":188,"href":"https:\/\/schule-dietramszell.de\/index.php?rest_route=\/wp\/v2\/pages\/648\/revisions"}],"predecessor-version":[{"id":2287,"href":"https:\/\/schule-dietramszell.de\/index.php?rest_route=\/wp\/v2\/pages\/648\/revisions\/2287"}],"wp:attachment":[{"href":"https:\/\/schule-dietramszell.de\/index.php?rest_route=%2Fwp%2Fv2%2Fmedia&parent=648"}],"curies":[{"name":"wp","href":"https:\/\/api.w.org\/{rel}","templated":true}]}}