{"id":274,"date":"2019-10-02T17:02:14","date_gmt":"2019-10-02T15:02:14","guid":{"rendered":"http:\/\/schule-dietramszell.de\/?page_id=274"},"modified":"2026-04-22T14:19:21","modified_gmt":"2026-04-22T12:19:21","slug":"aus-dem-schulleben","status":"publish","type":"page","link":"https:\/\/schule-dietramszell.de\/?page_id=274","title":{"rendered":"Aus dem Schulleben"},"content":{"rendered":"<p><img decoding=\"async\" loading=\"lazy\" class=\"alignnone size-large wp-image-2295\" src=\"http:\/\/schule-dietramszell.de\/wp-content\/uploads\/2026\/04\/Gruppe-10-3A-Dzell-Webseite-13.04.26-1024x724.jpg\" alt=\"\" width=\"900\" height=\"636\" srcset=\"https:\/\/schule-dietramszell.de\/wp-content\/uploads\/2026\/04\/Gruppe-10-3A-Dzell-Webseite-13.04.26-1024x724.jpg 1024w, https:\/\/schule-dietramszell.de\/wp-content\/uploads\/2026\/04\/Gruppe-10-3A-Dzell-Webseite-13.04.26-300x212.jpg 300w, https:\/\/schule-dietramszell.de\/wp-content\/uploads\/2026\/04\/Gruppe-10-3A-Dzell-Webseite-13.04.26-768x543.jpg 768w, https:\/\/schule-dietramszell.de\/wp-content\/uploads\/2026\/04\/Gruppe-10-3A-Dzell-Webseite-13.04.26-1536x1086.jpg 1536w, https:\/\/schule-dietramszell.de\/wp-content\/uploads\/2026\/04\/Gruppe-10-3A-Dzell-Webseite-13.04.26.jpg 2000w\" sizes=\"(max-width: 900px) 100vw, 900px\" \/><\/p>\r\n<p>Im Rahmen der Waldschule (am 14.04.2026) haben die Sch\u00fcler und Sch\u00fclerinnen der Klasse 2B und 3A, einen besonderen<\/p>\r\n<p>Auftrag bekommen. In Dreier-Gruppen durfte sie mit dem Tablet ihre sch\u00f6nsten Eindr\u00fccke in maximal 12 Bildern fest halten.<\/p>\r\n<p>Anschlie\u00dfend haben die Kinder mit Frau Leopold die ausgew\u00e4hlten Fotos auf das Programm CANVA hochgeladen und ihr eigenes<\/p>\r\n<p>Plakat gestaltet. Die Jungen und M\u00e4dchen haben wirklich SEHR VIEL gelernt!<\/p>\r\n<p><strong>Fotos aus der Maus- und Vogel-Perspektive machen&#8230;zoomen&#8230;Unsch\u00e4rfe erzeugen, sich<\/strong><\/p>\r\n<p><strong>gegenseitig absprechen, Verantwortung f\u00fcr ein wertvolles Ger\u00e4t \u00fcbernehmen, nicht zu viele Daten anh\u00e4ufen,<\/strong><\/p>\r\n<p><strong>Bedienung des <\/strong><strong>Tablets und des Programms, Fotos hochladen, Inhalte im Internet nicht konsumieren sondern<\/strong><\/p>\r\n<p><strong>selbst gestalten, Passw\u00f6rter sind <\/strong><strong>geheime Informationen&#8230;.<\/strong><\/p>\r\n<p><img decoding=\"async\" loading=\"lazy\" class=\"alignnone size-large wp-image-2291\" src=\"http:\/\/schule-dietramszell.de\/wp-content\/uploads\/2026\/04\/2BWaldplakat-2_13.04.26-1024x724.jpg\" alt=\"\" width=\"900\" height=\"636\" srcset=\"https:\/\/schule-dietramszell.de\/wp-content\/uploads\/2026\/04\/2BWaldplakat-2_13.04.26-1024x724.jpg 1024w, https:\/\/schule-dietramszell.de\/wp-content\/uploads\/2026\/04\/2BWaldplakat-2_13.04.26-300x212.jpg 300w, https:\/\/schule-dietramszell.de\/wp-content\/uploads\/2026\/04\/2BWaldplakat-2_13.04.26-768x543.jpg 768w, https:\/\/schule-dietramszell.de\/wp-content\/uploads\/2026\/04\/2BWaldplakat-2_13.04.26-1536x1086.jpg 1536w, https:\/\/schule-dietramszell.de\/wp-content\/uploads\/2026\/04\/2BWaldplakat-2_13.04.26.jpg 2000w\" sizes=\"(max-width: 900px) 100vw, 900px\" \/> <img decoding=\"async\" loading=\"lazy\" class=\"alignnone size-large wp-image-2292\" src=\"http:\/\/schule-dietramszell.de\/wp-content\/uploads\/2026\/04\/2BWaldplakat-3_13.04.26-1024x724.jpg\" alt=\"\" width=\"900\" height=\"636\" srcset=\"https:\/\/schule-dietramszell.de\/wp-content\/uploads\/2026\/04\/2BWaldplakat-3_13.04.26-1024x724.jpg 1024w, https:\/\/schule-dietramszell.de\/wp-content\/uploads\/2026\/04\/2BWaldplakat-3_13.04.26-300x212.jpg 300w, https:\/\/schule-dietramszell.de\/wp-content\/uploads\/2026\/04\/2BWaldplakat-3_13.04.26-768x543.jpg 768w, https:\/\/schule-dietramszell.de\/wp-content\/uploads\/2026\/04\/2BWaldplakat-3_13.04.26-1536x1086.jpg 1536w, https:\/\/schule-dietramszell.de\/wp-content\/uploads\/2026\/04\/2BWaldplakat-3_13.04.26.jpg 2000w\" sizes=\"(max-width: 900px) 100vw, 900px\" \/><\/p>\r\n\r\n<p><img decoding=\"async\" loading=\"lazy\" class=\"alignnone size-large wp-image-2277\" src=\"http:\/\/schule-dietramszell.de\/wp-content\/uploads\/2026\/02\/Grundschultag-2526-724x1024.jpg\" alt=\"\" width=\"724\" height=\"1024\" srcset=\"https:\/\/schule-dietramszell.de\/wp-content\/uploads\/2026\/02\/Grundschultag-2526-724x1024.jpg 724w, https:\/\/schule-dietramszell.de\/wp-content\/uploads\/2026\/02\/Grundschultag-2526-212x300.jpg 212w, https:\/\/schule-dietramszell.de\/wp-content\/uploads\/2026\/02\/Grundschultag-2526-768x1086.jpg 768w, https:\/\/schule-dietramszell.de\/wp-content\/uploads\/2026\/02\/Grundschultag-2526-1086x1536.jpg 1086w, https:\/\/schule-dietramszell.de\/wp-content\/uploads\/2026\/02\/Grundschultag-2526.jpg 1414w\" sizes=\"(max-width: 724px) 100vw, 724px\" \/><\/p>\r\n\r\n\r\n\r\n<p><img decoding=\"async\" loading=\"lazy\" class=\"alignnone size-large wp-image-2269\" src=\"http:\/\/schule-dietramszell.de\/wp-content\/uploads\/2026\/01\/Dzell-Web-27.01.26-Wald-2B-1-724x1024.jpg\" alt=\"\" width=\"724\" height=\"1024\" srcset=\"https:\/\/schule-dietramszell.de\/wp-content\/uploads\/2026\/01\/Dzell-Web-27.01.26-Wald-2B-1-724x1024.jpg 724w, https:\/\/schule-dietramszell.de\/wp-content\/uploads\/2026\/01\/Dzell-Web-27.01.26-Wald-2B-1-212x300.jpg 212w, https:\/\/schule-dietramszell.de\/wp-content\/uploads\/2026\/01\/Dzell-Web-27.01.26-Wald-2B-1-768x1086.jpg 768w, https:\/\/schule-dietramszell.de\/wp-content\/uploads\/2026\/01\/Dzell-Web-27.01.26-Wald-2B-1-1086x1536.jpg 1086w, https:\/\/schule-dietramszell.de\/wp-content\/uploads\/2026\/01\/Dzell-Web-27.01.26-Wald-2B-1.jpg 1414w\" sizes=\"(max-width: 724px) 100vw, 724px\" \/><\/p>\r\n\r\n\r\n\r\n<p><img decoding=\"async\" loading=\"lazy\" class=\"alignnone size-large wp-image-2265\" src=\"http:\/\/schule-dietramszell.de\/wp-content\/uploads\/2026\/01\/Webseite-Handball-25-724x1024.jpg\" alt=\"\" width=\"724\" height=\"1024\" srcset=\"https:\/\/schule-dietramszell.de\/wp-content\/uploads\/2026\/01\/Webseite-Handball-25-724x1024.jpg 724w, https:\/\/schule-dietramszell.de\/wp-content\/uploads\/2026\/01\/Webseite-Handball-25-212x300.jpg 212w, https:\/\/schule-dietramszell.de\/wp-content\/uploads\/2026\/01\/Webseite-Handball-25-768x1086.jpg 768w, https:\/\/schule-dietramszell.de\/wp-content\/uploads\/2026\/01\/Webseite-Handball-25-1086x1536.jpg 1086w, https:\/\/schule-dietramszell.de\/wp-content\/uploads\/2026\/01\/Webseite-Handball-25.jpg 1414w\" sizes=\"(max-width: 724px) 100vw, 724px\" \/><\/p>\r\n\r\n<p><img decoding=\"async\" loading=\"lazy\" class=\"alignnone size-large wp-image-2260\" src=\"http:\/\/schule-dietramszell.de\/wp-content\/uploads\/2026\/01\/Schlittenfahren-12_01_26-OK-724x1024.jpg\" alt=\"\" width=\"724\" height=\"1024\" srcset=\"https:\/\/schule-dietramszell.de\/wp-content\/uploads\/2026\/01\/Schlittenfahren-12_01_26-OK-724x1024.jpg 724w, https:\/\/schule-dietramszell.de\/wp-content\/uploads\/2026\/01\/Schlittenfahren-12_01_26-OK-212x300.jpg 212w, https:\/\/schule-dietramszell.de\/wp-content\/uploads\/2026\/01\/Schlittenfahren-12_01_26-OK-768x1086.jpg 768w, https:\/\/schule-dietramszell.de\/wp-content\/uploads\/2026\/01\/Schlittenfahren-12_01_26-OK-1086x1536.jpg 1086w, https:\/\/schule-dietramszell.de\/wp-content\/uploads\/2026\/01\/Schlittenfahren-12_01_26-OK.jpg 1414w\" sizes=\"(max-width: 724px) 100vw, 724px\" \/><img decoding=\"async\" loading=\"lazy\" class=\"alignnone size-large wp-image-2261\" src=\"http:\/\/schule-dietramszell.de\/wp-content\/uploads\/2026\/01\/Webseite-Schulversammlung-12_01_26-724x1024.jpg\" alt=\"\" width=\"724\" height=\"1024\" srcset=\"https:\/\/schule-dietramszell.de\/wp-content\/uploads\/2026\/01\/Webseite-Schulversammlung-12_01_26-724x1024.jpg 724w, https:\/\/schule-dietramszell.de\/wp-content\/uploads\/2026\/01\/Webseite-Schulversammlung-12_01_26-212x300.jpg 212w, https:\/\/schule-dietramszell.de\/wp-content\/uploads\/2026\/01\/Webseite-Schulversammlung-12_01_26-768x1086.jpg 768w, https:\/\/schule-dietramszell.de\/wp-content\/uploads\/2026\/01\/Webseite-Schulversammlung-12_01_26-1086x1536.jpg 1086w, https:\/\/schule-dietramszell.de\/wp-content\/uploads\/2026\/01\/Webseite-Schulversammlung-12_01_26.jpg 1414w\" sizes=\"(max-width: 724px) 100vw, 724px\" \/><\/p>\r\n\r\n\r\n\r\n<figure class=\"wp-block-image size-large\"><img decoding=\"async\" loading=\"lazy\" width=\"724\" height=\"1024\" class=\"wp-image-2248\" src=\"https:\/\/schule-dietramszell.de\/wp-content\/uploads\/2025\/12\/2B-8.12.25-Fueller-Webseite-724x1024.jpg\" alt=\"\" srcset=\"https:\/\/schule-dietramszell.de\/wp-content\/uploads\/2025\/12\/2B-8.12.25-Fueller-Webseite-724x1024.jpg 724w, https:\/\/schule-dietramszell.de\/wp-content\/uploads\/2025\/12\/2B-8.12.25-Fueller-Webseite-212x300.jpg 212w, https:\/\/schule-dietramszell.de\/wp-content\/uploads\/2025\/12\/2B-8.12.25-Fueller-Webseite-768x1086.jpg 768w, https:\/\/schule-dietramszell.de\/wp-content\/uploads\/2025\/12\/2B-8.12.25-Fueller-Webseite-1086x1536.jpg 1086w, https:\/\/schule-dietramszell.de\/wp-content\/uploads\/2025\/12\/2B-8.12.25-Fueller-Webseite-1448x2048.jpg 1448w, https:\/\/schule-dietramszell.de\/wp-content\/uploads\/2025\/12\/2B-8.12.25-Fueller-Webseite-scaled.jpg 1810w\" sizes=\"(max-width: 724px) 100vw, 724px\" \/><\/figure>\r\n\r\n\r\n\r\n<figure class=\"wp-block-image size-large\"><img decoding=\"async\" loading=\"lazy\" width=\"724\" height=\"1024\" class=\"wp-image-2247\" src=\"https:\/\/schule-dietramszell.de\/wp-content\/uploads\/2025\/12\/8.12.25-2.Advent-Webseite-3-724x1024.jpg\" alt=\"\" srcset=\"https:\/\/schule-dietramszell.de\/wp-content\/uploads\/2025\/12\/8.12.25-2.Advent-Webseite-3-724x1024.jpg 724w, https:\/\/schule-dietramszell.de\/wp-content\/uploads\/2025\/12\/8.12.25-2.Advent-Webseite-3-212x300.jpg 212w, https:\/\/schule-dietramszell.de\/wp-content\/uploads\/2025\/12\/8.12.25-2.Advent-Webseite-3-768x1086.jpg 768w, https:\/\/schule-dietramszell.de\/wp-content\/uploads\/2025\/12\/8.12.25-2.Advent-Webseite-3-1086x1536.jpg 1086w, https:\/\/schule-dietramszell.de\/wp-content\/uploads\/2025\/12\/8.12.25-2.Advent-Webseite-3-1448x2048.jpg 1448w, https:\/\/schule-dietramszell.de\/wp-content\/uploads\/2025\/12\/8.12.25-2.Advent-Webseite-3-scaled.jpg 1810w\" sizes=\"(max-width: 724px) 100vw, 724px\" \/><\/figure>\r\n\r\n\r\n\r\n<h3>\u00a0<\/h3>\r\n<h3>Neues aus dem Wald&#8230;<\/h3>\r\n<p>&nbsp;<\/p>\r\n\r\n\r\n\r\n<figure class=\"wp-block-image size-large is-resized\"><img decoding=\"async\" loading=\"lazy\" class=\"wp-image-2240\" src=\"https:\/\/schule-dietramszell.de\/wp-content\/uploads\/2025\/11\/Dzell-3A-Wald-11.11.25-Webseite-JPG-724x1024.jpg\" alt=\"\" width=\"724\" height=\"1024\" srcset=\"https:\/\/schule-dietramszell.de\/wp-content\/uploads\/2025\/11\/Dzell-3A-Wald-11.11.25-Webseite-JPG-724x1024.jpg 724w, https:\/\/schule-dietramszell.de\/wp-content\/uploads\/2025\/11\/Dzell-3A-Wald-11.11.25-Webseite-JPG-212x300.jpg 212w, https:\/\/schule-dietramszell.de\/wp-content\/uploads\/2025\/11\/Dzell-3A-Wald-11.11.25-Webseite-JPG-768x1086.jpg 768w, https:\/\/schule-dietramszell.de\/wp-content\/uploads\/2025\/11\/Dzell-3A-Wald-11.11.25-Webseite-JPG-1086x1536.jpg 1086w, https:\/\/schule-dietramszell.de\/wp-content\/uploads\/2025\/11\/Dzell-3A-Wald-11.11.25-Webseite-JPG-1448x2048.jpg 1448w, https:\/\/schule-dietramszell.de\/wp-content\/uploads\/2025\/11\/Dzell-3A-Wald-11.11.25-Webseite-JPG-scaled.jpg 1810w\" sizes=\"(max-width: 724px) 100vw, 724px\" \/><\/figure>\r\n\r\n\r\n\r\n<figure class=\"wp-block-gallery has-nested-images columns-default is-cropped wp-block-gallery-1 is-layout-flex\">\r\n<figure class=\"wp-block-image size-large\"><img decoding=\"async\" loading=\"lazy\" width=\"724\" height=\"1024\" data-id=\"2241\"  class=\"wp-image-2241\" src=\"https:\/\/schule-dietramszell.de\/wp-content\/uploads\/2025\/11\/Dzell-2B-Wald-11.11.25-Webseite-JPG-1-724x1024.jpg\" alt=\"\" srcset=\"https:\/\/schule-dietramszell.de\/wp-content\/uploads\/2025\/11\/Dzell-2B-Wald-11.11.25-Webseite-JPG-1-724x1024.jpg 724w, https:\/\/schule-dietramszell.de\/wp-content\/uploads\/2025\/11\/Dzell-2B-Wald-11.11.25-Webseite-JPG-1-212x300.jpg 212w, https:\/\/schule-dietramszell.de\/wp-content\/uploads\/2025\/11\/Dzell-2B-Wald-11.11.25-Webseite-JPG-1-768x1086.jpg 768w, https:\/\/schule-dietramszell.de\/wp-content\/uploads\/2025\/11\/Dzell-2B-Wald-11.11.25-Webseite-JPG-1-1086x1536.jpg 1086w, https:\/\/schule-dietramszell.de\/wp-content\/uploads\/2025\/11\/Dzell-2B-Wald-11.11.25-Webseite-JPG-1-1448x2048.jpg 1448w, https:\/\/schule-dietramszell.de\/wp-content\/uploads\/2025\/11\/Dzell-2B-Wald-11.11.25-Webseite-JPG-1-scaled.jpg 1810w\" sizes=\"(max-width: 724px) 100vw, 724px\" \/><\/figure>\r\n<\/figure>\r\n\r\n\r\n\r\n<figure class=\"wp-block-image size-large\"><img decoding=\"async\" loading=\"lazy\" width=\"724\" height=\"1024\" class=\"wp-image-2236\" src=\"https:\/\/schule-dietramszell.de\/wp-content\/uploads\/2025\/11\/Dzell-AB-Waldschule-6.10.25-724x1024.jpg\" alt=\"\" srcset=\"https:\/\/schule-dietramszell.de\/wp-content\/uploads\/2025\/11\/Dzell-AB-Waldschule-6.10.25-724x1024.jpg 724w, https:\/\/schule-dietramszell.de\/wp-content\/uploads\/2025\/11\/Dzell-AB-Waldschule-6.10.25-212x300.jpg 212w, https:\/\/schule-dietramszell.de\/wp-content\/uploads\/2025\/11\/Dzell-AB-Waldschule-6.10.25-768x1086.jpg 768w, https:\/\/schule-dietramszell.de\/wp-content\/uploads\/2025\/11\/Dzell-AB-Waldschule-6.10.25-1086x1536.jpg 1086w, https:\/\/schule-dietramszell.de\/wp-content\/uploads\/2025\/11\/Dzell-AB-Waldschule-6.10.25-1448x2048.jpg 1448w, https:\/\/schule-dietramszell.de\/wp-content\/uploads\/2025\/11\/Dzell-AB-Waldschule-6.10.25-scaled.jpg 1810w\" sizes=\"(max-width: 724px) 100vw, 724px\" \/><\/figure>\r\n\r\n\r\n\r\n<p><strong><span style=\"font-size: 24px; color: #ff6600;\">Unser Ausflug mit dem F\u00f6rster Franz am 20.Oktober 2025<\/span><\/strong><\/p>\r\n<p>Im Rahmen der Waldschule und nat\u00fcrlich passend zum HSU-Thema \u201eWald\u201c in der dritten Klasse starteten wir am Montag Morgen \u00fcber den Erlebnisweg Richtung Waldweiher. Wir wurden unterwegs sehr fachkundig unterrichtet. \u00dcber Spiele, R\u00e4tsel und interessante Geschichten erfuhren wir sehr viel \u00fcber Waldtiere, Baumarten, dem Wald an sich. Die Zeit verflog so schnell, dass wir es gerade noch zur f\u00fcnften Stunde in die Schule schafften.<\/p>\r\n<p><img decoding=\"async\" loading=\"lazy\" class=\"alignnone wp-image-2231\" src=\"http:\/\/schule-dietramszell.de\/wp-content\/uploads\/2025\/10\/IMG_9580-300x225.jpeg\" alt=\"\" width=\"188\" height=\"141\" srcset=\"https:\/\/schule-dietramszell.de\/wp-content\/uploads\/2025\/10\/IMG_9580-300x225.jpeg 300w, https:\/\/schule-dietramszell.de\/wp-content\/uploads\/2025\/10\/IMG_9580-1024x768.jpeg 1024w, https:\/\/schule-dietramszell.de\/wp-content\/uploads\/2025\/10\/IMG_9580-768x576.jpeg 768w, https:\/\/schule-dietramszell.de\/wp-content\/uploads\/2025\/10\/IMG_9580-1536x1152.jpeg 1536w, https:\/\/schule-dietramszell.de\/wp-content\/uploads\/2025\/10\/IMG_9580-2048x1536.jpeg 2048w\" sizes=\"(max-width: 188px) 100vw, 188px\" \/> <img decoding=\"async\" loading=\"lazy\" class=\"alignnone  wp-image-2230\" src=\"http:\/\/schule-dietramszell.de\/wp-content\/uploads\/2025\/10\/IMG_9577-300x225.jpeg\" alt=\"\" width=\"229\" height=\"172\" srcset=\"https:\/\/schule-dietramszell.de\/wp-content\/uploads\/2025\/10\/IMG_9577-300x225.jpeg 300w, https:\/\/schule-dietramszell.de\/wp-content\/uploads\/2025\/10\/IMG_9577-1024x768.jpeg 1024w, https:\/\/schule-dietramszell.de\/wp-content\/uploads\/2025\/10\/IMG_9577-768x576.jpeg 768w, https:\/\/schule-dietramszell.de\/wp-content\/uploads\/2025\/10\/IMG_9577-1536x1152.jpeg 1536w, https:\/\/schule-dietramszell.de\/wp-content\/uploads\/2025\/10\/IMG_9577-2048x1536.jpeg 2048w\" sizes=\"(max-width: 229px) 100vw, 229px\" \/> <img decoding=\"async\" loading=\"lazy\" class=\"alignnone  wp-image-2229\" src=\"http:\/\/schule-dietramszell.de\/wp-content\/uploads\/2025\/10\/IMG_9576-300x225.jpeg\" alt=\"\" width=\"229\" height=\"172\" srcset=\"https:\/\/schule-dietramszell.de\/wp-content\/uploads\/2025\/10\/IMG_9576-300x225.jpeg 300w, https:\/\/schule-dietramszell.de\/wp-content\/uploads\/2025\/10\/IMG_9576-1024x768.jpeg 1024w, https:\/\/schule-dietramszell.de\/wp-content\/uploads\/2025\/10\/IMG_9576-768x576.jpeg 768w, https:\/\/schule-dietramszell.de\/wp-content\/uploads\/2025\/10\/IMG_9576-1536x1152.jpeg 1536w, https:\/\/schule-dietramszell.de\/wp-content\/uploads\/2025\/10\/IMG_9576-2048x1536.jpeg 2048w\" sizes=\"(max-width: 229px) 100vw, 229px\" \/><\/p>\r\n<p>c. Beckmann, Klassleitung 3a<\/p>\r\n<p>&nbsp;<\/p>\r\n\r\n\r\n\r\n<p style=\"text-align: right;\">13.10.2025<\/p>\r\n<p><strong><span style=\"font-size: 24px;\"><span style=\"color: #008000;\">Ab<\/span> i<span style=\"color: #008000;\">n die<\/span><\/span>\u00a0<span style=\"font-size: 24px; color: #008000;\">Hecke!<\/span><\/strong><\/p>\r\n<p>Am 29.09.2025 fand f\u00fcr die Klassen 2a und 2c der erste Waldtag im Schuljahr statt. Thema war die Hecke. Auf dem Weg zum Waldplatz f\u00fcllten die Kinder ihre Eierkartons mit Heckensch\u00e4tzen. Aufmerksam hielten sie Ausschau nach etwas Weichem, etwas Hartem, etwas von einem Tier, einer Frucht, \u2026 Jeder hatte am Ende etwas anderes gesammelt \u2013 von Federn \u00fcber Kastanien und Bl\u00e4tter bis hin zu Schneckenh\u00e4usern war alles dabei. Au\u00dferdem konnten die Kinder auf dem Weg viel \u00fcber die verschiedene Heckenstr\u00e4ucher (Haselnuss, Pfaffenh\u00fctchen, Wei\u00dfdorn, Holunder, Vogelbeere, Hagebutte) lernen. Am Waldplatz blieb dann noch genug Zeit zum Spielen in der Natur.<\/p>\r\n<p style=\"text-align: right;\">C. Kn\u00f6rnschild, Klassleitung 2c<\/p>\r\n<p><img decoding=\"async\" loading=\"lazy\" class=\"alignnone  wp-image-2203\" src=\"http:\/\/schule-dietramszell.de\/wp-content\/uploads\/2025\/10\/20250929_091013-300x225.jpg\" alt=\"\" width=\"268\" height=\"201\" srcset=\"https:\/\/schule-dietramszell.de\/wp-content\/uploads\/2025\/10\/20250929_091013-300x225.jpg 300w, https:\/\/schule-dietramszell.de\/wp-content\/uploads\/2025\/10\/20250929_091013-1024x768.jpg 1024w, https:\/\/schule-dietramszell.de\/wp-content\/uploads\/2025\/10\/20250929_091013-768x576.jpg 768w, https:\/\/schule-dietramszell.de\/wp-content\/uploads\/2025\/10\/20250929_091013-1536x1152.jpg 1536w, https:\/\/schule-dietramszell.de\/wp-content\/uploads\/2025\/10\/20250929_091013-2048x1536.jpg 2048w\" sizes=\"(max-width: 268px) 100vw, 268px\" \/> <img decoding=\"async\" loading=\"lazy\" class=\"alignnone  wp-image-2204\" src=\"http:\/\/schule-dietramszell.de\/wp-content\/uploads\/2025\/10\/20250929_094903-300x225.jpg\" alt=\"\" width=\"268\" height=\"201\" srcset=\"https:\/\/schule-dietramszell.de\/wp-content\/uploads\/2025\/10\/20250929_094903-300x225.jpg 300w, https:\/\/schule-dietramszell.de\/wp-content\/uploads\/2025\/10\/20250929_094903-1024x768.jpg 1024w, https:\/\/schule-dietramszell.de\/wp-content\/uploads\/2025\/10\/20250929_094903-768x576.jpg 768w, https:\/\/schule-dietramszell.de\/wp-content\/uploads\/2025\/10\/20250929_094903-1536x1152.jpg 1536w, https:\/\/schule-dietramszell.de\/wp-content\/uploads\/2025\/10\/20250929_094903-2048x1536.jpg 2048w\" sizes=\"(max-width: 268px) 100vw, 268px\" \/> <img decoding=\"async\" loading=\"lazy\" class=\"alignnone  wp-image-2205\" src=\"http:\/\/schule-dietramszell.de\/wp-content\/uploads\/2025\/10\/20250929_102931-300x225.jpg\" alt=\"\" width=\"267\" height=\"200\" srcset=\"https:\/\/schule-dietramszell.de\/wp-content\/uploads\/2025\/10\/20250929_102931-300x225.jpg 300w, https:\/\/schule-dietramszell.de\/wp-content\/uploads\/2025\/10\/20250929_102931-1024x768.jpg 1024w, https:\/\/schule-dietramszell.de\/wp-content\/uploads\/2025\/10\/20250929_102931-768x576.jpg 768w, https:\/\/schule-dietramszell.de\/wp-content\/uploads\/2025\/10\/20250929_102931-1536x1152.jpg 1536w, https:\/\/schule-dietramszell.de\/wp-content\/uploads\/2025\/10\/20250929_102931-2048x1536.jpg 2048w\" sizes=\"(max-width: 267px) 100vw, 267px\" \/><\/p>\r\n<p><span style=\"font-size: 24px; color: #800080;\"><strong>Dankesch\u00f6n!<\/strong><\/span><\/p>\r\n<p>Nun sind bereits die ersten Schulwochen vergangen und unsere Erstkl\u00e4ssler freuen sich \u00fcber die Allerheiligenferien. Unser Elternbeirat hat auch in diesem Schuljahr wieder allen Erstkl\u00e4sslern ein T-Shirt mit dem Schul-Logo spendiert. Viele Kinderaugen haben gestrahlt, als wir sie im Klassenzimmer anprobiert haben! So hat der Start in die Schulzeit gleich nochmal so gut geklappt. Herzlichen Dank daf\u00fcr!<\/p>\r\n<p><img decoding=\"async\" loading=\"lazy\" class=\"alignnone wp-image-2209 size-medium\" src=\"http:\/\/schule-dietramszell.de\/wp-content\/uploads\/2025\/10\/T-Shirts-scaled-e1760344229658-300x118.jpg\" alt=\"\" width=\"300\" height=\"118\" srcset=\"https:\/\/schule-dietramszell.de\/wp-content\/uploads\/2025\/10\/T-Shirts-scaled-e1760344229658-300x118.jpg 300w, https:\/\/schule-dietramszell.de\/wp-content\/uploads\/2025\/10\/T-Shirts-scaled-e1760344229658-1024x402.jpg 1024w, https:\/\/schule-dietramszell.de\/wp-content\/uploads\/2025\/10\/T-Shirts-scaled-e1760344229658-768x301.jpg 768w, https:\/\/schule-dietramszell.de\/wp-content\/uploads\/2025\/10\/T-Shirts-scaled-e1760344229658-1536x602.jpg 1536w, https:\/\/schule-dietramszell.de\/wp-content\/uploads\/2025\/10\/T-Shirts-scaled-e1760344229658-2048x803.jpg 2048w\" sizes=\"(max-width: 300px) 100vw, 300px\" \/><\/p>\r\n<p><em>S. Falkenhahn, Rin <\/em><\/p>\r\n<p>&nbsp;<\/p>\r\n\r\n\r\n\r\n<p style=\"text-align: right;\">30.07.2025<\/p>\r\n<p><span style=\"color: #ff00ff;\"><strong><span style=\"font-size: 24px;\">Gratulation!<\/span><\/strong><\/span><\/p>\r\n<p>Unsere Preistr\u00e4ger beim Europ\u00e4ischen Malwettbewerb wurden in M\u00fcnchen geehrt:<br \/><img decoding=\"async\" loading=\"lazy\" class=\"alignnone size-medium wp-image-2167\" src=\"http:\/\/schule-dietramszell.de\/wp-content\/uploads\/2025\/07\/IMG_7660-300x202.jpeg\" alt=\"\" width=\"300\" height=\"202\" srcset=\"https:\/\/schule-dietramszell.de\/wp-content\/uploads\/2025\/07\/IMG_7660-300x202.jpeg 300w, https:\/\/schule-dietramszell.de\/wp-content\/uploads\/2025\/07\/IMG_7660-1024x688.jpeg 1024w, https:\/\/schule-dietramszell.de\/wp-content\/uploads\/2025\/07\/IMG_7660-768x516.jpeg 768w, https:\/\/schule-dietramszell.de\/wp-content\/uploads\/2025\/07\/IMG_7660.jpeg 1486w\" sizes=\"(max-width: 300px) 100vw, 300px\" \/><\/p>\r\n<p><span style=\"font-size: 24px;\"><span style=\"color: #0000ff;\"><strong>Impressionen<\/strong> <strong>aus<\/strong> <strong>der<\/strong> <strong>Klassenfahrt<\/strong> <strong>der<\/strong> <strong>2b:<\/strong><\/span><\/span><br \/><img decoding=\"async\" loading=\"lazy\" class=\"alignnone  wp-image-2166\" src=\"http:\/\/schule-dietramszell.de\/wp-content\/uploads\/2025\/07\/IMG_7621-300x300.png\" alt=\"\" width=\"217\" height=\"217\" srcset=\"https:\/\/schule-dietramszell.de\/wp-content\/uploads\/2025\/07\/IMG_7621-300x300.png 300w, https:\/\/schule-dietramszell.de\/wp-content\/uploads\/2025\/07\/IMG_7621-1024x1024.png 1024w, https:\/\/schule-dietramszell.de\/wp-content\/uploads\/2025\/07\/IMG_7621-150x150.png 150w, https:\/\/schule-dietramszell.de\/wp-content\/uploads\/2025\/07\/IMG_7621-768x768.png 768w, https:\/\/schule-dietramszell.de\/wp-content\/uploads\/2025\/07\/IMG_7621.png 1080w\" sizes=\"(max-width: 217px) 100vw, 217px\" \/>\u00a0 \u00a0<img decoding=\"async\" loading=\"lazy\" class=\"alignnone size-medium wp-image-2169\" src=\"http:\/\/schule-dietramszell.de\/wp-content\/uploads\/2025\/07\/IMG_7765-300x216.jpeg\" alt=\"\" width=\"300\" height=\"216\" srcset=\"https:\/\/schule-dietramszell.de\/wp-content\/uploads\/2025\/07\/IMG_7765-300x216.jpeg 300w, https:\/\/schule-dietramszell.de\/wp-content\/uploads\/2025\/07\/IMG_7765-1024x736.jpeg 1024w, https:\/\/schule-dietramszell.de\/wp-content\/uploads\/2025\/07\/IMG_7765-768x552.jpeg 768w, https:\/\/schule-dietramszell.de\/wp-content\/uploads\/2025\/07\/IMG_7765-1536x1104.jpeg 1536w, https:\/\/schule-dietramszell.de\/wp-content\/uploads\/2025\/07\/IMG_7765-2048x1472.jpeg 2048w\" sizes=\"(max-width: 300px) 100vw, 300px\" \/>\u00a0 \u00a0 <img decoding=\"async\" loading=\"lazy\" class=\"alignnone  wp-image-2168\" src=\"http:\/\/schule-dietramszell.de\/wp-content\/uploads\/2025\/07\/IMG_7764-225x300.jpeg\" alt=\"\" width=\"162\" height=\"216\" srcset=\"https:\/\/schule-dietramszell.de\/wp-content\/uploads\/2025\/07\/IMG_7764-225x300.jpeg 225w, https:\/\/schule-dietramszell.de\/wp-content\/uploads\/2025\/07\/IMG_7764-768x1024.jpeg 768w, https:\/\/schule-dietramszell.de\/wp-content\/uploads\/2025\/07\/IMG_7764-1152x1536.jpeg 1152w, https:\/\/schule-dietramszell.de\/wp-content\/uploads\/2025\/07\/IMG_7764-1536x2048.jpeg 1536w, https:\/\/schule-dietramszell.de\/wp-content\/uploads\/2025\/07\/IMG_7764-scaled.jpeg 1920w\" sizes=\"(max-width: 162px) 100vw, 162px\" \/> \u00a0<\/p>\r\n<p>C. Beckmann, Klassleitung 2b<\/p>\r\n\r\n\r\n\r\n<p style=\"text-align: right;\">27.05.2025<\/p>\r\n<p><img decoding=\"async\" loading=\"lazy\" class=\"alignnone size-medium wp-image-2140\" src=\"http:\/\/schule-dietramszell.de\/wp-content\/uploads\/2025\/05\/2-212x300.jpg\" alt=\"\" width=\"212\" height=\"300\" srcset=\"https:\/\/schule-dietramszell.de\/wp-content\/uploads\/2025\/05\/2-212x300.jpg 212w, https:\/\/schule-dietramszell.de\/wp-content\/uploads\/2025\/05\/2-724x1024.jpg 724w, https:\/\/schule-dietramszell.de\/wp-content\/uploads\/2025\/05\/2-768x1086.jpg 768w, https:\/\/schule-dietramszell.de\/wp-content\/uploads\/2025\/05\/2-1086x1536.jpg 1086w, https:\/\/schule-dietramszell.de\/wp-content\/uploads\/2025\/05\/2-1448x2048.jpg 1448w, https:\/\/schule-dietramszell.de\/wp-content\/uploads\/2025\/05\/2-scaled.jpg 1810w\" sizes=\"(max-width: 212px) 100vw, 212px\" \/>\u00a0 \u00a0<img decoding=\"async\" loading=\"lazy\" class=\"alignnone size-medium wp-image-2139\" src=\"http:\/\/schule-dietramszell.de\/wp-content\/uploads\/2025\/05\/1-212x300.jpg\" alt=\"\" width=\"212\" height=\"300\" srcset=\"https:\/\/schule-dietramszell.de\/wp-content\/uploads\/2025\/05\/1-212x300.jpg 212w, https:\/\/schule-dietramszell.de\/wp-content\/uploads\/2025\/05\/1-724x1024.jpg 724w, https:\/\/schule-dietramszell.de\/wp-content\/uploads\/2025\/05\/1-768x1086.jpg 768w, https:\/\/schule-dietramszell.de\/wp-content\/uploads\/2025\/05\/1-1086x1536.jpg 1086w, https:\/\/schule-dietramszell.de\/wp-content\/uploads\/2025\/05\/1-1448x2048.jpg 1448w, https:\/\/schule-dietramszell.de\/wp-content\/uploads\/2025\/05\/1-scaled.jpg 1810w\" sizes=\"(max-width: 212px) 100vw, 212px\" \/>\u00a0<\/p>\r\n<p>D. Leopold, Schulsozialp\u00e4dagogin<\/p>\r\n<p>&nbsp;<\/p>\r\n<p style=\"text-align: right;\">20.05.2025<\/p>\r\n<p><strong><span style=\"font-size: 20px;\"><span style=\"color: #339966;\">Selbstverst\u00e4ndlich beteiligt sich die Grundschule wieder beim Ramadama!<\/span><\/span><\/strong><br \/>Die flei\u00dfigen Helfer wurden von der Gemeinde mit einer Brotzeit belohnt. Danke!<\/p>\r\n<p>\u00a0\u00a0<img decoding=\"async\" loading=\"lazy\" class=\"alignnone  wp-image-2131\" src=\"http:\/\/schule-dietramszell.de\/wp-content\/uploads\/2025\/05\/IMG_4351-300x225.jpg\" alt=\"\" width=\"229\" height=\"172\" srcset=\"https:\/\/schule-dietramszell.de\/wp-content\/uploads\/2025\/05\/IMG_4351-300x225.jpg 300w, https:\/\/schule-dietramszell.de\/wp-content\/uploads\/2025\/05\/IMG_4351-1024x768.jpg 1024w, https:\/\/schule-dietramszell.de\/wp-content\/uploads\/2025\/05\/IMG_4351-768x576.jpg 768w, https:\/\/schule-dietramszell.de\/wp-content\/uploads\/2025\/05\/IMG_4351-1536x1152.jpg 1536w, https:\/\/schule-dietramszell.de\/wp-content\/uploads\/2025\/05\/IMG_4351.jpg 2016w\" sizes=\"(max-width: 229px) 100vw, 229px\" \/> <img decoding=\"async\" loading=\"lazy\" class=\"alignnone  wp-image-2132\" src=\"http:\/\/schule-dietramszell.de\/wp-content\/uploads\/2025\/05\/IMG_4357-300x225.jpg\" alt=\"\" width=\"228\" height=\"171\" srcset=\"https:\/\/schule-dietramszell.de\/wp-content\/uploads\/2025\/05\/IMG_4357-300x225.jpg 300w, https:\/\/schule-dietramszell.de\/wp-content\/uploads\/2025\/05\/IMG_4357-1024x768.jpg 1024w, https:\/\/schule-dietramszell.de\/wp-content\/uploads\/2025\/05\/IMG_4357-768x576.jpg 768w, https:\/\/schule-dietramszell.de\/wp-content\/uploads\/2025\/05\/IMG_4357-1536x1152.jpg 1536w, https:\/\/schule-dietramszell.de\/wp-content\/uploads\/2025\/05\/IMG_4357.jpg 2016w\" sizes=\"(max-width: 228px) 100vw, 228px\" \/> <img decoding=\"async\" loading=\"lazy\" class=\"alignnone  wp-image-2133\" src=\"http:\/\/schule-dietramszell.de\/wp-content\/uploads\/2025\/05\/IMG-20250411-WA0003-300x225.jpg\" alt=\"\" width=\"228\" height=\"171\" srcset=\"https:\/\/schule-dietramszell.de\/wp-content\/uploads\/2025\/05\/IMG-20250411-WA0003-300x225.jpg 300w, https:\/\/schule-dietramszell.de\/wp-content\/uploads\/2025\/05\/IMG-20250411-WA0003-1024x768.jpg 1024w, https:\/\/schule-dietramszell.de\/wp-content\/uploads\/2025\/05\/IMG-20250411-WA0003-768x576.jpg 768w, https:\/\/schule-dietramszell.de\/wp-content\/uploads\/2025\/05\/IMG-20250411-WA0003-1536x1152.jpg 1536w, https:\/\/schule-dietramszell.de\/wp-content\/uploads\/2025\/05\/IMG-20250411-WA0003.jpg 1600w\" sizes=\"(max-width: 228px) 100vw, 228px\" \/><\/p>\r\n<p><span style=\"color: #ff6600;\"><strong><span style=\"font-size: 24px;\">Neues<\/span><\/strong> <strong><span style=\"font-size: 24px;\">aus<\/span><\/strong> <strong><span style=\"font-size: 24px;\">der<\/span><\/strong> <strong><span style=\"font-size: 24px;\">Waldschule:<\/span><\/strong><\/span><\/p>\r\n<p><img decoding=\"async\" loading=\"lazy\" class=\"alignnone size-medium wp-image-2128\" src=\"http:\/\/schule-dietramszell.de\/wp-content\/uploads\/2025\/05\/IMG-20250430-WA0000-212x300.jpg\" alt=\"\" width=\"212\" height=\"300\" srcset=\"https:\/\/schule-dietramszell.de\/wp-content\/uploads\/2025\/05\/IMG-20250430-WA0000-212x300.jpg 212w, https:\/\/schule-dietramszell.de\/wp-content\/uploads\/2025\/05\/IMG-20250430-WA0000-724x1024.jpg 724w, https:\/\/schule-dietramszell.de\/wp-content\/uploads\/2025\/05\/IMG-20250430-WA0000-768x1086.jpg 768w, https:\/\/schule-dietramszell.de\/wp-content\/uploads\/2025\/05\/IMG-20250430-WA0000-1086x1536.jpg 1086w, https:\/\/schule-dietramszell.de\/wp-content\/uploads\/2025\/05\/IMG-20250430-WA0000.jpg 1131w\" sizes=\"(max-width: 212px) 100vw, 212px\" \/> <img decoding=\"async\" loading=\"lazy\" class=\"alignnone size-medium wp-image-2129\" src=\"http:\/\/schule-dietramszell.de\/wp-content\/uploads\/2025\/05\/IMG-20250520-WA0002-212x300.jpg\" alt=\"\" width=\"212\" height=\"300\" srcset=\"https:\/\/schule-dietramszell.de\/wp-content\/uploads\/2025\/05\/IMG-20250520-WA0002-212x300.jpg 212w, https:\/\/schule-dietramszell.de\/wp-content\/uploads\/2025\/05\/IMG-20250520-WA0002-724x1024.jpg 724w, https:\/\/schule-dietramszell.de\/wp-content\/uploads\/2025\/05\/IMG-20250520-WA0002-768x1086.jpg 768w, https:\/\/schule-dietramszell.de\/wp-content\/uploads\/2025\/05\/IMG-20250520-WA0002-1086x1536.jpg 1086w, https:\/\/schule-dietramszell.de\/wp-content\/uploads\/2025\/05\/IMG-20250520-WA0002.jpg 1131w\" sizes=\"(max-width: 212px) 100vw, 212px\" \/><\/p>\r\n<p style=\"text-align: right;\">C. Beckmann, Klassleitung 2b<\/p>\r\n\r\n\r\n\r\n<p><img decoding=\"async\" loading=\"lazy\" class=\"alignnone  wp-image-2120\" src=\"http:\/\/schule-dietramszell.de\/wp-content\/uploads\/2025\/03\/Dzell-Sozialziel-Bitte-u.-Danke-2-212x300.jpg\" alt=\"\" width=\"251\" height=\"355\" srcset=\"https:\/\/schule-dietramszell.de\/wp-content\/uploads\/2025\/03\/Dzell-Sozialziel-Bitte-u.-Danke-2-212x300.jpg 212w, https:\/\/schule-dietramszell.de\/wp-content\/uploads\/2025\/03\/Dzell-Sozialziel-Bitte-u.-Danke-2-724x1024.jpg 724w, https:\/\/schule-dietramszell.de\/wp-content\/uploads\/2025\/03\/Dzell-Sozialziel-Bitte-u.-Danke-2-768x1086.jpg 768w, https:\/\/schule-dietramszell.de\/wp-content\/uploads\/2025\/03\/Dzell-Sozialziel-Bitte-u.-Danke-2-1086x1536.jpg 1086w, https:\/\/schule-dietramszell.de\/wp-content\/uploads\/2025\/03\/Dzell-Sozialziel-Bitte-u.-Danke-2-1448x2048.jpg 1448w, https:\/\/schule-dietramszell.de\/wp-content\/uploads\/2025\/03\/Dzell-Sozialziel-Bitte-u.-Danke-2-scaled.jpg 1810w\" sizes=\"(max-width: 251px) 100vw, 251px\" \/><\/p>\r\n\r\n\r\n\r\n<p style=\"text-align: right;\">24.02.2024<\/p>\r\n<p><span style=\"font-size: 24px; color: #00ff00;\"><strong>Turnen mit den Vorschulkindern<\/strong><\/span><\/p>\r\n<p>Im Februar verwandelte sich die Turnhalle in eine Baustelle. Gemeinsam mit Frau Beckmann arbeiteten die Vorschulkinder aus unseren Gemeindekinderg\u00e4rten flei\u00dfig den ganzen Vormittag.<\/p>\r\n<p><img decoding=\"async\" loading=\"lazy\" class=\"alignnone size-medium wp-image-2106\" src=\"http:\/\/schule-dietramszell.de\/wp-content\/uploads\/2025\/02\/IMG_3267-300x225.jpeg\" alt=\"\" width=\"300\" height=\"225\" srcset=\"https:\/\/schule-dietramszell.de\/wp-content\/uploads\/2025\/02\/IMG_3267-300x225.jpeg 300w, https:\/\/schule-dietramszell.de\/wp-content\/uploads\/2025\/02\/IMG_3267-1024x768.jpeg 1024w, https:\/\/schule-dietramszell.de\/wp-content\/uploads\/2025\/02\/IMG_3267-768x576.jpeg 768w, https:\/\/schule-dietramszell.de\/wp-content\/uploads\/2025\/02\/IMG_3267-1536x1152.jpeg 1536w, https:\/\/schule-dietramszell.de\/wp-content\/uploads\/2025\/02\/IMG_3267-2048x1536.jpeg 2048w\" sizes=\"(max-width: 300px) 100vw, 300px\" \/> <img decoding=\"async\" loading=\"lazy\" class=\"alignnone wp-image-2110 size-medium\" src=\"http:\/\/schule-dietramszell.de\/wp-content\/uploads\/2025\/02\/IMG_3276-scaled-e1740389606557-300x173.jpeg\" alt=\"\" width=\"300\" height=\"173\" srcset=\"https:\/\/schule-dietramszell.de\/wp-content\/uploads\/2025\/02\/IMG_3276-scaled-e1740389606557-300x173.jpeg 300w, https:\/\/schule-dietramszell.de\/wp-content\/uploads\/2025\/02\/IMG_3276-scaled-e1740389606557-1024x589.jpeg 1024w, https:\/\/schule-dietramszell.de\/wp-content\/uploads\/2025\/02\/IMG_3276-scaled-e1740389606557-768x442.jpeg 768w, https:\/\/schule-dietramszell.de\/wp-content\/uploads\/2025\/02\/IMG_3276-scaled-e1740389606557-1536x884.jpeg 1536w, https:\/\/schule-dietramszell.de\/wp-content\/uploads\/2025\/02\/IMG_3276-scaled-e1740389606557-2048x1178.jpeg 2048w\" sizes=\"(max-width: 300px) 100vw, 300px\" \/><img decoding=\"async\" loading=\"lazy\" class=\"alignnone size-medium wp-image-2107\" src=\"http:\/\/schule-dietramszell.de\/wp-content\/uploads\/2025\/02\/IMG_3273-300x225.jpeg\" alt=\"\" width=\"300\" height=\"225\" srcset=\"https:\/\/schule-dietramszell.de\/wp-content\/uploads\/2025\/02\/IMG_3273-300x225.jpeg 300w, https:\/\/schule-dietramszell.de\/wp-content\/uploads\/2025\/02\/IMG_3273-1024x768.jpeg 1024w, https:\/\/schule-dietramszell.de\/wp-content\/uploads\/2025\/02\/IMG_3273-768x576.jpeg 768w, https:\/\/schule-dietramszell.de\/wp-content\/uploads\/2025\/02\/IMG_3273-1536x1152.jpeg 1536w, https:\/\/schule-dietramszell.de\/wp-content\/uploads\/2025\/02\/IMG_3273-2048x1536.jpeg 2048w\" sizes=\"(max-width: 300px) 100vw, 300px\" \/> <img decoding=\"async\" loading=\"lazy\" class=\"alignnone size-medium wp-image-2108\" src=\"http:\/\/schule-dietramszell.de\/wp-content\/uploads\/2025\/02\/IMG_3274-225x300.jpeg\" alt=\"\" width=\"225\" height=\"300\" srcset=\"https:\/\/schule-dietramszell.de\/wp-content\/uploads\/2025\/02\/IMG_3274-225x300.jpeg 225w, https:\/\/schule-dietramszell.de\/wp-content\/uploads\/2025\/02\/IMG_3274-768x1024.jpeg 768w, https:\/\/schule-dietramszell.de\/wp-content\/uploads\/2025\/02\/IMG_3274-1152x1536.jpeg 1152w, https:\/\/schule-dietramszell.de\/wp-content\/uploads\/2025\/02\/IMG_3274-1536x2048.jpeg 1536w, https:\/\/schule-dietramszell.de\/wp-content\/uploads\/2025\/02\/IMG_3274-scaled.jpeg 1920w\" sizes=\"(max-width: 225px) 100vw, 225px\" \/> \u00a0<img decoding=\"async\" loading=\"lazy\" class=\"alignnone size-medium wp-image-2111\" src=\"http:\/\/schule-dietramszell.de\/wp-content\/uploads\/2025\/02\/IMG_3277-300x225.jpeg\" alt=\"\" width=\"300\" height=\"225\" srcset=\"https:\/\/schule-dietramszell.de\/wp-content\/uploads\/2025\/02\/IMG_3277-300x225.jpeg 300w, https:\/\/schule-dietramszell.de\/wp-content\/uploads\/2025\/02\/IMG_3277-1024x768.jpeg 1024w, https:\/\/schule-dietramszell.de\/wp-content\/uploads\/2025\/02\/IMG_3277-768x576.jpeg 768w, https:\/\/schule-dietramszell.de\/wp-content\/uploads\/2025\/02\/IMG_3277-1536x1152.jpeg 1536w, https:\/\/schule-dietramszell.de\/wp-content\/uploads\/2025\/02\/IMG_3277-2048x1536.jpeg 2048w\" sizes=\"(max-width: 300px) 100vw, 300px\" \/><\/p>\r\n<p style=\"text-align: right;\">S. Falkenhahn, Rin<\/p>\r\n\r\n\r\n\r\n<p style=\"text-align: right;\">24.02.2025<\/p>\r\n<p><span style=\"font-size: 24px;\"><strong><span style=\"color: #ff0000;\">Wenn\u2018s brennt \u2013 wer rennt?<\/span><\/strong><\/span><\/p>\r\n<p>Das haben sich die beiden 3. Klassen direkt vor Ort erkl\u00e4ren lassen:<br \/>Ende Januar durften die Klassen 3a und 3b der Feuerwache Dietramszell einen Besuch abstatten.<br \/>Der Feuerwehrkommandant Herr Liebhart und sein Kollege Herr L\u00e4tsch stellten den interessierten Kindern die Aufgaben der \u00fcber 60 freiwilligen Feuerwehrleute aus Dietramszell vor.<br \/>Die Feuerwehrautos durften erkundet werden und die Begegnung mit einem \u201eAlien\u201c war auch sehr beeindruckend:\u00a0 Herr L\u00e4tsch in voller Ausr\u00fcstung und mit Atemschutzmaske.<\/p>\r\n<p style=\"text-align: left;\">Vielen Dank, dass wir kommen durften!<\/p>\r\n<p style=\"text-align: right;\">A. Andert, Klassleitung 3b<\/p>\r\n\r\n\r\n\r\n<p style=\"text-align: right;\">05.02.2025<\/p>\r\n<p><span style=\"font-size: 24px; color: #993300;\"><strong>ADAC-ADACUS zu Besuch bei den ersten Klassen<\/strong><\/span><\/p>\r\n<p><span style=\"font-size: 24px; color: #0000ff;\"><strong><u><img decoding=\"async\" loading=\"lazy\" class=\"alignnone size-medium wp-image-2081\" src=\"http:\/\/schule-dietramszell.de\/wp-content\/uploads\/2025\/02\/DSC07420-225x300.jpg\" alt=\"\" width=\"225\" height=\"300\" srcset=\"https:\/\/schule-dietramszell.de\/wp-content\/uploads\/2025\/02\/DSC07420-225x300.jpg 225w, https:\/\/schule-dietramszell.de\/wp-content\/uploads\/2025\/02\/DSC07420-768x1024.jpg 768w, https:\/\/schule-dietramszell.de\/wp-content\/uploads\/2025\/02\/DSC07420-1152x1536.jpg 1152w, https:\/\/schule-dietramszell.de\/wp-content\/uploads\/2025\/02\/DSC07420-1536x2048.jpg 1536w, https:\/\/schule-dietramszell.de\/wp-content\/uploads\/2025\/02\/DSC07420-scaled.jpg 1920w\" sizes=\"(max-width: 225px) 100vw, 225px\" \/><img decoding=\"async\" loading=\"lazy\" class=\"alignnone wp-image-2078 size-medium\" src=\"http:\/\/schule-dietramszell.de\/wp-content\/uploads\/2025\/02\/DSC07408-scaled-e1738759890563-300x222.jpg\" alt=\"\" width=\"300\" height=\"222\" srcset=\"https:\/\/schule-dietramszell.de\/wp-content\/uploads\/2025\/02\/DSC07408-scaled-e1738759890563-300x222.jpg 300w, https:\/\/schule-dietramszell.de\/wp-content\/uploads\/2025\/02\/DSC07408-scaled-e1738759890563-1024x758.jpg 1024w, https:\/\/schule-dietramszell.de\/wp-content\/uploads\/2025\/02\/DSC07408-scaled-e1738759890563-768x569.jpg 768w, https:\/\/schule-dietramszell.de\/wp-content\/uploads\/2025\/02\/DSC07408-scaled-e1738759890563-1536x1137.jpg 1536w, https:\/\/schule-dietramszell.de\/wp-content\/uploads\/2025\/02\/DSC07408-scaled-e1738759890563.jpg 1945w\" sizes=\"(max-width: 300px) 100vw, 300px\" \/><br \/><\/u><\/strong><\/span>Am Mittwoch, den 29.01.2025 besuchte uns Frau Berghofer vom ADAC. Mit im Gep\u00e4ck hatte sie den blauen Vogel ADACUS, der die Sch\u00fcler und Sch\u00fclerinnen mit einem Verkehrs-Lied begr\u00fc\u00dfte.<br \/>\u201eBei Rot bleib ich steh\u2019n. Bei Gr\u00fcn kann ich geh\u2019n. Ich schau dem Fahrer ins Gesicht, bleibt er auch wirklich steh\u2019n? Ich schau nach links, ich schau nach rechts, und dann noch mal nach links. Ich bin dabei sehr aufmerksam, denn Augen auf, das bringt\u2019s!\u201c<br \/>Danach lernten die Kinder, wie sie sich sicher im Stra\u00dfenverkehr bewegen und heil \u00fcber die Stra\u00dfe kommen.<br \/>Zum Schluss erhielt jedes Kind eine Urkunde.<br \/>Es war ein sehr informativer und gelungener Vormittag!<\/p>\r\n<p style=\"text-align: right;\">j. Smyrek, Klassleitung 1b<\/p>\r\n<p><span style=\"font-size: 24px; color: #0000ff;\"><strong><u>\u00a0<\/u><\/strong><\/span><\/p>\r\n<p><span style=\"font-size: 24px; color: #0000ff;\"><strong><u>Wir legen Muster mit Naturmaterialien<\/u><\/strong><\/span><\/p>\r\n<p>Endlich war es wieder so weit. Ein weiterer Waldtag, diesmal bei angenehmen Temperaturen, stand uns bevor.<br \/>Auf dem Weg zu unserem Waldplatz sammelten die Kinder schon eifrig Steine und Zapfen.<br \/>Nach der Brotzeit-Pause sammelten sich die 3 ersten Klassen in ihrem Klassenverband. Die jeweilige Lehrerin las eine Geschichte \u00fcber eine wei\u00dfe Schlange vor, die so gerne auch so ein sch\u00f6nes Muster h\u00e4tte, wie ihre Freunde und Geschwister.<br \/>Die Kinder erhielten dann die Aufgabe verschiedene Muster mit Hilfe von Naturmaterialien zu legen. Mit Feuereifer waren sie am Werk und verhalfen der kleinen Schlange zu einem wundersch\u00f6nen Muster.<br \/>Danach blieb nat\u00fcrlich noch Zeit f\u00fcr die hei\u00dfgeliebte freie Spiel- und Bauzeit.<br \/>Der tolle Waldtag war wieder viel zu schnell vorbei!<br \/><img decoding=\"async\" loading=\"lazy\" class=\"alignnone  wp-image-2087\" src=\"http:\/\/schule-dietramszell.de\/wp-content\/uploads\/2025\/02\/DSC07363-300x225.jpg\" alt=\"\" width=\"185\" height=\"139\" srcset=\"https:\/\/schule-dietramszell.de\/wp-content\/uploads\/2025\/02\/DSC07363-300x225.jpg 300w, https:\/\/schule-dietramszell.de\/wp-content\/uploads\/2025\/02\/DSC07363-1024x768.jpg 1024w, https:\/\/schule-dietramszell.de\/wp-content\/uploads\/2025\/02\/DSC07363-768x576.jpg 768w, https:\/\/schule-dietramszell.de\/wp-content\/uploads\/2025\/02\/DSC07363-1536x1152.jpg 1536w, https:\/\/schule-dietramszell.de\/wp-content\/uploads\/2025\/02\/DSC07363-2048x1536.jpg 2048w\" sizes=\"(max-width: 185px) 100vw, 185px\" \/> <img decoding=\"async\" loading=\"lazy\" class=\"alignnone  wp-image-2088\" src=\"http:\/\/schule-dietramszell.de\/wp-content\/uploads\/2025\/02\/DSC07373-300x225.jpg\" alt=\"\" width=\"185\" height=\"138\" srcset=\"https:\/\/schule-dietramszell.de\/wp-content\/uploads\/2025\/02\/DSC07373-300x225.jpg 300w, https:\/\/schule-dietramszell.de\/wp-content\/uploads\/2025\/02\/DSC07373-1024x768.jpg 1024w, https:\/\/schule-dietramszell.de\/wp-content\/uploads\/2025\/02\/DSC07373-768x576.jpg 768w, https:\/\/schule-dietramszell.de\/wp-content\/uploads\/2025\/02\/DSC07373-1536x1152.jpg 1536w, https:\/\/schule-dietramszell.de\/wp-content\/uploads\/2025\/02\/DSC07373-2048x1536.jpg 2048w\" sizes=\"(max-width: 185px) 100vw, 185px\" \/> <img decoding=\"async\" loading=\"lazy\" class=\"alignnone  wp-image-2089\" src=\"http:\/\/schule-dietramszell.de\/wp-content\/uploads\/2025\/02\/DSC07381-300x225.jpg\" alt=\"\" width=\"183\" height=\"137\" srcset=\"https:\/\/schule-dietramszell.de\/wp-content\/uploads\/2025\/02\/DSC07381-300x225.jpg 300w, https:\/\/schule-dietramszell.de\/wp-content\/uploads\/2025\/02\/DSC07381-1024x768.jpg 1024w, https:\/\/schule-dietramszell.de\/wp-content\/uploads\/2025\/02\/DSC07381-768x576.jpg 768w, https:\/\/schule-dietramszell.de\/wp-content\/uploads\/2025\/02\/DSC07381-1536x1152.jpg 1536w, https:\/\/schule-dietramszell.de\/wp-content\/uploads\/2025\/02\/DSC07381-2048x1536.jpg 2048w\" sizes=\"(max-width: 183px) 100vw, 183px\" \/> <img decoding=\"async\" loading=\"lazy\" class=\"alignnone  wp-image-2090\" src=\"http:\/\/schule-dietramszell.de\/wp-content\/uploads\/2025\/02\/DSC07384-300x225.jpg\" alt=\"\" width=\"182\" height=\"137\" srcset=\"https:\/\/schule-dietramszell.de\/wp-content\/uploads\/2025\/02\/DSC07384-300x225.jpg 300w, https:\/\/schule-dietramszell.de\/wp-content\/uploads\/2025\/02\/DSC07384-1024x768.jpg 1024w, https:\/\/schule-dietramszell.de\/wp-content\/uploads\/2025\/02\/DSC07384-768x576.jpg 768w, https:\/\/schule-dietramszell.de\/wp-content\/uploads\/2025\/02\/DSC07384-1536x1152.jpg 1536w, https:\/\/schule-dietramszell.de\/wp-content\/uploads\/2025\/02\/DSC07384-2048x1536.jpg 2048w, https:\/\/schule-dietramszell.de\/wp-content\/uploads\/2025\/02\/DSC07384-500x380.jpg 500w\" sizes=\"(max-width: 182px) 100vw, 182px\" \/>\u00a0<img decoding=\"async\" loading=\"lazy\" class=\"alignnone size-medium wp-image-2092\" src=\"http:\/\/schule-dietramszell.de\/wp-content\/uploads\/2025\/02\/2-212x300.jpg\" alt=\"\" width=\"212\" height=\"300\" srcset=\"https:\/\/schule-dietramszell.de\/wp-content\/uploads\/2025\/02\/2-212x300.jpg 212w, https:\/\/schule-dietramszell.de\/wp-content\/uploads\/2025\/02\/2-724x1024.jpg 724w, https:\/\/schule-dietramszell.de\/wp-content\/uploads\/2025\/02\/2-768x1086.jpg 768w, https:\/\/schule-dietramszell.de\/wp-content\/uploads\/2025\/02\/2-1086x1536.jpg 1086w, https:\/\/schule-dietramszell.de\/wp-content\/uploads\/2025\/02\/2-1448x2048.jpg 1448w, https:\/\/schule-dietramszell.de\/wp-content\/uploads\/2025\/02\/2-scaled.jpg 1810w\" sizes=\"(max-width: 212px) 100vw, 212px\" \/> <img decoding=\"async\" loading=\"lazy\" class=\"alignnone size-medium wp-image-2093\" src=\"http:\/\/schule-dietramszell.de\/wp-content\/uploads\/2025\/02\/3-212x300.jpg\" alt=\"\" width=\"212\" height=\"300\" srcset=\"https:\/\/schule-dietramszell.de\/wp-content\/uploads\/2025\/02\/3-212x300.jpg 212w, https:\/\/schule-dietramszell.de\/wp-content\/uploads\/2025\/02\/3-724x1024.jpg 724w, https:\/\/schule-dietramszell.de\/wp-content\/uploads\/2025\/02\/3-768x1086.jpg 768w, https:\/\/schule-dietramszell.de\/wp-content\/uploads\/2025\/02\/3-1086x1536.jpg 1086w, https:\/\/schule-dietramszell.de\/wp-content\/uploads\/2025\/02\/3-1448x2048.jpg 1448w, https:\/\/schule-dietramszell.de\/wp-content\/uploads\/2025\/02\/3-scaled.jpg 1810w\" sizes=\"(max-width: 212px) 100vw, 212px\" \/><img decoding=\"async\" loading=\"lazy\" class=\"alignnone size-medium wp-image-2091\" src=\"http:\/\/schule-dietramszell.de\/wp-content\/uploads\/2025\/02\/1-212x300.jpg\" alt=\"\" width=\"212\" height=\"300\" srcset=\"https:\/\/schule-dietramszell.de\/wp-content\/uploads\/2025\/02\/1-212x300.jpg 212w, https:\/\/schule-dietramszell.de\/wp-content\/uploads\/2025\/02\/1-724x1024.jpg 724w, https:\/\/schule-dietramszell.de\/wp-content\/uploads\/2025\/02\/1-768x1086.jpg 768w, https:\/\/schule-dietramszell.de\/wp-content\/uploads\/2025\/02\/1-1086x1536.jpg 1086w, https:\/\/schule-dietramszell.de\/wp-content\/uploads\/2025\/02\/1-1448x2048.jpg 1448w, https:\/\/schule-dietramszell.de\/wp-content\/uploads\/2025\/02\/1-scaled.jpg 1810w\" sizes=\"(max-width: 212px) 100vw, 212px\" \/><\/p>\r\n<p style=\"text-align: right;\">J.Smyrek, Klassleitung 1b, D. Leopold, Schulsozialp\u00e4dagaogik<\/p>\r\n\r\n\r\n\r\n\r\n\r\n\r\n\r\n<p style=\"text-align: right;\">23.01.2025<\/p>\r\n<p><span style=\"font-size: 24px; color: #003300;\"><strong>&#8230; auch im Schnee gibt es viel zu entdecken.<\/strong><\/span><\/p>\r\n<p><img decoding=\"async\" loading=\"lazy\" class=\"alignnone  wp-image-2055\" src=\"http:\/\/schule-dietramszell.de\/wp-content\/uploads\/2025\/01\/IMG_2884-225x300.jpeg\" alt=\"\" width=\"127\" height=\"169\" srcset=\"https:\/\/schule-dietramszell.de\/wp-content\/uploads\/2025\/01\/IMG_2884-225x300.jpeg 225w, https:\/\/schule-dietramszell.de\/wp-content\/uploads\/2025\/01\/IMG_2884-768x1024.jpeg 768w, https:\/\/schule-dietramszell.de\/wp-content\/uploads\/2025\/01\/IMG_2884-1152x1536.jpeg 1152w, https:\/\/schule-dietramszell.de\/wp-content\/uploads\/2025\/01\/IMG_2884-1536x2048.jpeg 1536w, https:\/\/schule-dietramszell.de\/wp-content\/uploads\/2025\/01\/IMG_2884-scaled.jpeg 1920w\" sizes=\"(max-width: 127px) 100vw, 127px\" \/> <img decoding=\"async\" loading=\"lazy\" class=\"alignnone  wp-image-2056\" src=\"http:\/\/schule-dietramszell.de\/wp-content\/uploads\/2025\/01\/IMG_2895-300x225.jpeg\" alt=\"\" width=\"227\" height=\"170\" srcset=\"https:\/\/schule-dietramszell.de\/wp-content\/uploads\/2025\/01\/IMG_2895-300x225.jpeg 300w, https:\/\/schule-dietramszell.de\/wp-content\/uploads\/2025\/01\/IMG_2895-1024x768.jpeg 1024w, https:\/\/schule-dietramszell.de\/wp-content\/uploads\/2025\/01\/IMG_2895-768x576.jpeg 768w, https:\/\/schule-dietramszell.de\/wp-content\/uploads\/2025\/01\/IMG_2895-1536x1152.jpeg 1536w, https:\/\/schule-dietramszell.de\/wp-content\/uploads\/2025\/01\/IMG_2895-2048x1536.jpeg 2048w\" sizes=\"(max-width: 227px) 100vw, 227px\" \/> <img decoding=\"async\" loading=\"lazy\" class=\"alignnone  wp-image-2057\" src=\"http:\/\/schule-dietramszell.de\/wp-content\/uploads\/2025\/01\/IMG_2899-300x225.jpeg\" alt=\"\" width=\"221\" height=\"166\" srcset=\"https:\/\/schule-dietramszell.de\/wp-content\/uploads\/2025\/01\/IMG_2899-300x225.jpeg 300w, https:\/\/schule-dietramszell.de\/wp-content\/uploads\/2025\/01\/IMG_2899-1024x768.jpeg 1024w, https:\/\/schule-dietramszell.de\/wp-content\/uploads\/2025\/01\/IMG_2899-768x576.jpeg 768w, https:\/\/schule-dietramszell.de\/wp-content\/uploads\/2025\/01\/IMG_2899-1536x1152.jpeg 1536w, https:\/\/schule-dietramszell.de\/wp-content\/uploads\/2025\/01\/IMG_2899-2048x1536.jpeg 2048w\" sizes=\"(max-width: 221px) 100vw, 221px\" \/> <img decoding=\"async\" loading=\"lazy\" class=\"alignnone  wp-image-2058\" src=\"http:\/\/schule-dietramszell.de\/wp-content\/uploads\/2025\/01\/IMG_2900-300x225.jpeg\" alt=\"\" width=\"218\" height=\"164\" srcset=\"https:\/\/schule-dietramszell.de\/wp-content\/uploads\/2025\/01\/IMG_2900-300x225.jpeg 300w, https:\/\/schule-dietramszell.de\/wp-content\/uploads\/2025\/01\/IMG_2900-1024x768.jpeg 1024w, https:\/\/schule-dietramszell.de\/wp-content\/uploads\/2025\/01\/IMG_2900-768x576.jpeg 768w, https:\/\/schule-dietramszell.de\/wp-content\/uploads\/2025\/01\/IMG_2900-1536x1152.jpeg 1536w, https:\/\/schule-dietramszell.de\/wp-content\/uploads\/2025\/01\/IMG_2900-2048x1536.jpeg 2048w\" sizes=\"(max-width: 218px) 100vw, 218px\" \/><\/p>\r\n<p style=\"text-align: right;\">C. Beckmann, 2b<\/p>\r\n\r\n\r\n\r\n<p style=\"text-align: right;\">11.12.2024<\/p>\r\n<p><span style=\"font-size: 24px; color: #00ffff;\"><strong>Eindr\u00fccke aus der Kreativ-Pause mit Frau Leopold<\/strong><\/span><\/p>\r\n<p><img decoding=\"async\" loading=\"lazy\" class=\"alignnone size-medium wp-image-2034\" src=\"http:\/\/schule-dietramszell.de\/wp-content\/uploads\/2024\/12\/IMG-20241211-WA0008-300x225.jpg\" alt=\"\" width=\"300\" height=\"225\" srcset=\"https:\/\/schule-dietramszell.de\/wp-content\/uploads\/2024\/12\/IMG-20241211-WA0008-300x225.jpg 300w, https:\/\/schule-dietramszell.de\/wp-content\/uploads\/2024\/12\/IMG-20241211-WA0008-1024x768.jpg 1024w, https:\/\/schule-dietramszell.de\/wp-content\/uploads\/2024\/12\/IMG-20241211-WA0008-768x576.jpg 768w, https:\/\/schule-dietramszell.de\/wp-content\/uploads\/2024\/12\/IMG-20241211-WA0008-1536x1152.jpg 1536w, https:\/\/schule-dietramszell.de\/wp-content\/uploads\/2024\/12\/IMG-20241211-WA0008.jpg 2040w\" sizes=\"(max-width: 300px) 100vw, 300px\" \/> <img decoding=\"async\" loading=\"lazy\" class=\"alignnone size-medium wp-image-2035\" src=\"http:\/\/schule-dietramszell.de\/wp-content\/uploads\/2024\/12\/IMG-20241211-WA0009-225x300.jpg\" alt=\"\" width=\"225\" height=\"300\" srcset=\"https:\/\/schule-dietramszell.de\/wp-content\/uploads\/2024\/12\/IMG-20241211-WA0009-225x300.jpg 225w, https:\/\/schule-dietramszell.de\/wp-content\/uploads\/2024\/12\/IMG-20241211-WA0009-768x1024.jpg 768w, https:\/\/schule-dietramszell.de\/wp-content\/uploads\/2024\/12\/IMG-20241211-WA0009-1152x1536.jpg 1152w, https:\/\/schule-dietramszell.de\/wp-content\/uploads\/2024\/12\/IMG-20241211-WA0009.jpg 1530w\" sizes=\"(max-width: 225px) 100vw, 225px\" \/> <img decoding=\"async\" loading=\"lazy\" class=\"alignnone size-medium wp-image-2036\" src=\"http:\/\/schule-dietramszell.de\/wp-content\/uploads\/2024\/12\/IMG-20241211-WA0010-300x225.jpg\" alt=\"\" width=\"300\" height=\"225\" srcset=\"https:\/\/schule-dietramszell.de\/wp-content\/uploads\/2024\/12\/IMG-20241211-WA0010-300x225.jpg 300w, https:\/\/schule-dietramszell.de\/wp-content\/uploads\/2024\/12\/IMG-20241211-WA0010-1024x768.jpg 1024w, https:\/\/schule-dietramszell.de\/wp-content\/uploads\/2024\/12\/IMG-20241211-WA0010-768x576.jpg 768w, https:\/\/schule-dietramszell.de\/wp-content\/uploads\/2024\/12\/IMG-20241211-WA0010-1536x1152.jpg 1536w, https:\/\/schule-dietramszell.de\/wp-content\/uploads\/2024\/12\/IMG-20241211-WA0010.jpg 2040w\" sizes=\"(max-width: 300px) 100vw, 300px\" \/><\/p>\r\n<p style=\"text-align: right;\">D. Leopold, Schulsozialp\u00e4dagogin<\/p>\r\n<p><span style=\"font-size: 24px; color: #ff6600;\"><strong>Schlechtes Wetter gibt es nicht!<\/strong><\/span><\/p>\r\n<p style=\"text-align: left;\">Der Schnee, der zumindest am Wegesrand zu finden war, begeisterte alle Kinder.\u00a0 <br \/>Nachdem der Weg hinauf zum Waldplatz schon so viel Freude bereitet und wir uns mit Brotzeit und Pl\u00e4tzchen gest\u00e4rkt hatten, ging die Arbeit los.\u00a0 <br \/>Es gab eine gruselige Geschichte zu lesen. Wie sie wohl weitergehen k\u00f6nnte? Wohnt da eine Hexe im Wald?\u00a0 <br \/>Die Kinder fanden sich in Gruppen zusammen und entwickelten kleine szenische Spiele, die sie nacheinander auf unserer Waldb\u00fchne vorf\u00fchren durften.\u00a0 <br \/>Im Anschluss spielten wir ein Spiel: \u201eWer hat meinen Hexenhut geklaut?\u201c.\u00a0 <br \/>Endlich war freie Zeit zum Spielen im Wald. <br \/>\u2026schon war der Schulvormittag im Nu verflogen!<\/p>\r\n<p style=\"text-align: right;\">C. Beckmann, Klassleitung 2b<\/p>\r\n<p><img decoding=\"async\" loading=\"lazy\" class=\"alignnone size-medium wp-image-2039\" src=\"http:\/\/schule-dietramszell.de\/wp-content\/uploads\/2024\/12\/0a8ca421-7d0a-4e25-940d-2b30d8c8c02f-300x146.jpeg\" alt=\"\" width=\"300\" height=\"146\" srcset=\"https:\/\/schule-dietramszell.de\/wp-content\/uploads\/2024\/12\/0a8ca421-7d0a-4e25-940d-2b30d8c8c02f-300x146.jpeg 300w, https:\/\/schule-dietramszell.de\/wp-content\/uploads\/2024\/12\/0a8ca421-7d0a-4e25-940d-2b30d8c8c02f-1024x498.jpeg 1024w, https:\/\/schule-dietramszell.de\/wp-content\/uploads\/2024\/12\/0a8ca421-7d0a-4e25-940d-2b30d8c8c02f-768x373.jpeg 768w, https:\/\/schule-dietramszell.de\/wp-content\/uploads\/2024\/12\/0a8ca421-7d0a-4e25-940d-2b30d8c8c02f-1536x747.jpeg 1536w, https:\/\/schule-dietramszell.de\/wp-content\/uploads\/2024\/12\/0a8ca421-7d0a-4e25-940d-2b30d8c8c02f.jpeg 2016w\" sizes=\"(max-width: 300px) 100vw, 300px\" \/> <img decoding=\"async\" loading=\"lazy\" class=\"alignnone wp-image-2040 size-medium\" src=\"http:\/\/schule-dietramszell.de\/wp-content\/uploads\/2024\/12\/0a0299ff-c265-4790-b858-547a0200bc75-e1733912830127-166x300.jpeg\" alt=\"\" width=\"166\" height=\"300\" srcset=\"https:\/\/schule-dietramszell.de\/wp-content\/uploads\/2024\/12\/0a0299ff-c265-4790-b858-547a0200bc75-e1733912830127-166x300.jpeg 166w, https:\/\/schule-dietramszell.de\/wp-content\/uploads\/2024\/12\/0a0299ff-c265-4790-b858-547a0200bc75-e1733912830127-567x1024.jpeg 567w, https:\/\/schule-dietramszell.de\/wp-content\/uploads\/2024\/12\/0a0299ff-c265-4790-b858-547a0200bc75-e1733912830127.jpeg 664w\" sizes=\"(max-width: 166px) 100vw, 166px\" \/> \u00a0\u00a0<img decoding=\"async\" loading=\"lazy\" class=\"alignnone  wp-image-2043\" src=\"http:\/\/schule-dietramszell.de\/wp-content\/uploads\/2024\/12\/IMG_2112-225x300.jpeg\" alt=\"\" width=\"149\" height=\"199\" srcset=\"https:\/\/schule-dietramszell.de\/wp-content\/uploads\/2024\/12\/IMG_2112-225x300.jpeg 225w, https:\/\/schule-dietramszell.de\/wp-content\/uploads\/2024\/12\/IMG_2112-768x1024.jpeg 768w, https:\/\/schule-dietramszell.de\/wp-content\/uploads\/2024\/12\/IMG_2112-1152x1536.jpeg 1152w, https:\/\/schule-dietramszell.de\/wp-content\/uploads\/2024\/12\/IMG_2112-1536x2048.jpeg 1536w, https:\/\/schule-dietramszell.de\/wp-content\/uploads\/2024\/12\/IMG_2112-scaled.jpeg 1920w\" sizes=\"(max-width: 149px) 100vw, 149px\" \/> \u00a0<img decoding=\"async\" loading=\"lazy\" class=\"alignnone  wp-image-2045\" src=\"http:\/\/schule-dietramszell.de\/wp-content\/uploads\/2024\/12\/IMG_2122-300x225.jpeg\" alt=\"\" width=\"188\" height=\"141\" srcset=\"https:\/\/schule-dietramszell.de\/wp-content\/uploads\/2024\/12\/IMG_2122-300x225.jpeg 300w, https:\/\/schule-dietramszell.de\/wp-content\/uploads\/2024\/12\/IMG_2122-1024x768.jpeg 1024w, https:\/\/schule-dietramszell.de\/wp-content\/uploads\/2024\/12\/IMG_2122-768x576.jpeg 768w, https:\/\/schule-dietramszell.de\/wp-content\/uploads\/2024\/12\/IMG_2122-1536x1152.jpeg 1536w, https:\/\/schule-dietramszell.de\/wp-content\/uploads\/2024\/12\/IMG_2122-2048x1536.jpeg 2048w\" sizes=\"(max-width: 188px) 100vw, 188px\" \/><\/p>\r\n\r\n\r\n\r\n\r\n\r\n<p style=\"text-align: right;\">04.12.2024<\/p>\r\n<p><span style=\"font-size: 24px; color: #ff00ff;\"><strong>Kunst nach Andy Goldsworthy aus der 2b:<\/strong><\/span><\/p>\r\n<p><img decoding=\"async\" loading=\"lazy\" class=\"alignnone  wp-image-2022\" src=\"http:\/\/schule-dietramszell.de\/wp-content\/uploads\/2024\/12\/IMG_1806-300x225.jpeg\" alt=\"\" width=\"209\" height=\"157\" srcset=\"https:\/\/schule-dietramszell.de\/wp-content\/uploads\/2024\/12\/IMG_1806-300x225.jpeg 300w, https:\/\/schule-dietramszell.de\/wp-content\/uploads\/2024\/12\/IMG_1806-1024x768.jpeg 1024w, https:\/\/schule-dietramszell.de\/wp-content\/uploads\/2024\/12\/IMG_1806-768x576.jpeg 768w, https:\/\/schule-dietramszell.de\/wp-content\/uploads\/2024\/12\/IMG_1806-1536x1152.jpeg 1536w, https:\/\/schule-dietramszell.de\/wp-content\/uploads\/2024\/12\/IMG_1806-2048x1536.jpeg 2048w\" sizes=\"(max-width: 209px) 100vw, 209px\" \/> <img decoding=\"async\" loading=\"lazy\" class=\"alignnone  wp-image-2023\" src=\"http:\/\/schule-dietramszell.de\/wp-content\/uploads\/2024\/12\/IMG_1814-225x300.jpeg\" alt=\"\" width=\"120\" height=\"160\" srcset=\"https:\/\/schule-dietramszell.de\/wp-content\/uploads\/2024\/12\/IMG_1814-225x300.jpeg 225w, https:\/\/schule-dietramszell.de\/wp-content\/uploads\/2024\/12\/IMG_1814-768x1024.jpeg 768w, https:\/\/schule-dietramszell.de\/wp-content\/uploads\/2024\/12\/IMG_1814-1152x1536.jpeg 1152w, https:\/\/schule-dietramszell.de\/wp-content\/uploads\/2024\/12\/IMG_1814-1536x2048.jpeg 1536w, https:\/\/schule-dietramszell.de\/wp-content\/uploads\/2024\/12\/IMG_1814-scaled.jpeg 1920w\" sizes=\"(max-width: 120px) 100vw, 120px\" \/> <img decoding=\"async\" loading=\"lazy\" class=\"alignnone  wp-image-2024\" src=\"http:\/\/schule-dietramszell.de\/wp-content\/uploads\/2024\/12\/IMG_1818-225x300.jpeg\" alt=\"\" width=\"121\" height=\"161\" srcset=\"https:\/\/schule-dietramszell.de\/wp-content\/uploads\/2024\/12\/IMG_1818-225x300.jpeg 225w, https:\/\/schule-dietramszell.de\/wp-content\/uploads\/2024\/12\/IMG_1818-768x1024.jpeg 768w, https:\/\/schule-dietramszell.de\/wp-content\/uploads\/2024\/12\/IMG_1818-1152x1536.jpeg 1152w, https:\/\/schule-dietramszell.de\/wp-content\/uploads\/2024\/12\/IMG_1818-1536x2048.jpeg 1536w, https:\/\/schule-dietramszell.de\/wp-content\/uploads\/2024\/12\/IMG_1818-scaled.jpeg 1920w\" sizes=\"(max-width: 121px) 100vw, 121px\" \/> <img decoding=\"async\" loading=\"lazy\" class=\"alignnone  wp-image-2025\" src=\"http:\/\/schule-dietramszell.de\/wp-content\/uploads\/2024\/12\/IMG_1819-225x300.jpeg\" alt=\"\" width=\"120\" height=\"160\" srcset=\"https:\/\/schule-dietramszell.de\/wp-content\/uploads\/2024\/12\/IMG_1819-225x300.jpeg 225w, https:\/\/schule-dietramszell.de\/wp-content\/uploads\/2024\/12\/IMG_1819-768x1024.jpeg 768w, https:\/\/schule-dietramszell.de\/wp-content\/uploads\/2024\/12\/IMG_1819-1152x1536.jpeg 1152w, https:\/\/schule-dietramszell.de\/wp-content\/uploads\/2024\/12\/IMG_1819-1536x2048.jpeg 1536w, https:\/\/schule-dietramszell.de\/wp-content\/uploads\/2024\/12\/IMG_1819-scaled.jpeg 1920w\" sizes=\"(max-width: 120px) 100vw, 120px\" \/> <img decoding=\"async\" loading=\"lazy\" class=\"alignnone  wp-image-2026\" src=\"http:\/\/schule-dietramszell.de\/wp-content\/uploads\/2024\/12\/IMG_1823-225x300.jpeg\" alt=\"\" width=\"118\" height=\"158\" srcset=\"https:\/\/schule-dietramszell.de\/wp-content\/uploads\/2024\/12\/IMG_1823-225x300.jpeg 225w, https:\/\/schule-dietramszell.de\/wp-content\/uploads\/2024\/12\/IMG_1823-768x1024.jpeg 768w, https:\/\/schule-dietramszell.de\/wp-content\/uploads\/2024\/12\/IMG_1823-1152x1536.jpeg 1152w, https:\/\/schule-dietramszell.de\/wp-content\/uploads\/2024\/12\/IMG_1823-1536x2048.jpeg 1536w, https:\/\/schule-dietramszell.de\/wp-content\/uploads\/2024\/12\/IMG_1823-scaled.jpeg 1920w\" sizes=\"(max-width: 118px) 100vw, 118px\" \/><\/p>\r\n<p style=\"text-align: right;\">C. Beckmann, Klassleitung 2b<\/p>\r\n<p><span style=\"font-size: 24px;\"><strong><span style=\"color: #008000;\">Wir rechnen\u2026mit K\u00e4fern<\/span><\/strong><\/span> &#x1f60a;<\/p>\r\n<p>Warm eingepackt machten sich die ersten Klassen nach dem ersten Adventsmorgenkreis auf den Weg zum Sportplatz. Zun\u00e4chst gingen die Kinder auf Insektensuche und mussten ganz genau schauen, wie viele Insekten sie auf ihrem Spaziergang entdeckten. Zehn kleine Gummitierchen haben sich bestens im Laub oder auf dem Gitterzaun getarnt. Die Spitzenbeobachter unter den Sch\u00fclern und Sch\u00fclerinnen entdeckten 9 Insekten.<br \/>Um uns aufzuw\u00e4rmen wurden paar Bewegungs\u00fcbungen gemacht. Die Lehrerin hielt Marienk\u00e4fer hoch und die Kinder machten zur Anzahl der Punkte eine \u00dcbung, die sie auf einem Plakat vorfanden.<br \/>In Kleingruppen wurde dann noch die Zahl Zehn mit Hilfe von gro\u00dfen Marienk\u00e4fer-Vorlagen und kleinen Zapfen zerlegt. Die verschiedenen M\u00f6glichkeiten wurden auf einem Arbeitsblatt festgehalten.<br \/>Nat\u00fcrlich durfte die Zeit f\u00fcr freies Spiel und Bauen von Astzelten nicht fehlen. Einige kreative Kinder erschufen sogar eine Baumwippe aus Baumst\u00e4mmen.<br \/>Trotz K\u00e4lte war es ein absolut gelungener Vormittag und die Kinder fuhren mit gesunden roten B\u00e4ckchen nach Hause.<\/p>\r\n<p><img decoding=\"async\" loading=\"lazy\" class=\"alignnone  wp-image-2015\" src=\"http:\/\/schule-dietramszell.de\/wp-content\/uploads\/2024\/12\/DSC07186-300x225.jpg\" alt=\"\" width=\"248\" height=\"186\" srcset=\"https:\/\/schule-dietramszell.de\/wp-content\/uploads\/2024\/12\/DSC07186-300x225.jpg 300w, https:\/\/schule-dietramszell.de\/wp-content\/uploads\/2024\/12\/DSC07186-1024x768.jpg 1024w, https:\/\/schule-dietramszell.de\/wp-content\/uploads\/2024\/12\/DSC07186-768x576.jpg 768w, https:\/\/schule-dietramszell.de\/wp-content\/uploads\/2024\/12\/DSC07186-1536x1152.jpg 1536w, https:\/\/schule-dietramszell.de\/wp-content\/uploads\/2024\/12\/DSC07186-2048x1536.jpg 2048w\" sizes=\"(max-width: 248px) 100vw, 248px\" \/> <img decoding=\"async\" loading=\"lazy\" class=\"alignnone  wp-image-2016\" src=\"http:\/\/schule-dietramszell.de\/wp-content\/uploads\/2024\/12\/DSC07187-300x225.jpg\" alt=\"\" width=\"250\" height=\"188\" srcset=\"https:\/\/schule-dietramszell.de\/wp-content\/uploads\/2024\/12\/DSC07187-300x225.jpg 300w, https:\/\/schule-dietramszell.de\/wp-content\/uploads\/2024\/12\/DSC07187-1024x768.jpg 1024w, https:\/\/schule-dietramszell.de\/wp-content\/uploads\/2024\/12\/DSC07187-768x576.jpg 768w, https:\/\/schule-dietramszell.de\/wp-content\/uploads\/2024\/12\/DSC07187-1536x1152.jpg 1536w, https:\/\/schule-dietramszell.de\/wp-content\/uploads\/2024\/12\/DSC07187-2048x1536.jpg 2048w\" sizes=\"(max-width: 250px) 100vw, 250px\" \/> <img decoding=\"async\" loading=\"lazy\" class=\"alignnone  wp-image-2017\" src=\"http:\/\/schule-dietramszell.de\/wp-content\/uploads\/2024\/12\/DSC07189-300x225.jpg\" alt=\"\" width=\"250\" height=\"187\" srcset=\"https:\/\/schule-dietramszell.de\/wp-content\/uploads\/2024\/12\/DSC07189-300x225.jpg 300w, https:\/\/schule-dietramszell.de\/wp-content\/uploads\/2024\/12\/DSC07189-1024x768.jpg 1024w, https:\/\/schule-dietramszell.de\/wp-content\/uploads\/2024\/12\/DSC07189-768x576.jpg 768w, https:\/\/schule-dietramszell.de\/wp-content\/uploads\/2024\/12\/DSC07189-1536x1152.jpg 1536w, https:\/\/schule-dietramszell.de\/wp-content\/uploads\/2024\/12\/DSC07189-2048x1536.jpg 2048w\" sizes=\"(max-width: 250px) 100vw, 250px\" \/><\/p>\r\n<p style=\"text-align: right;\">J. Smyrek, Klassleitung 1b<\/p>\r\n\r\n\r\n\r\n<p style=\"text-align: right;\">19.11.2024<\/p>\r\n<p><span style=\"font-size: 24px; color: #0000ff;\"><strong>Die Klasse 1b im Lamahimmel \u2013 Zu Besuch bei den Erlenwald Lamas<\/strong><\/span><\/p>\r\n<p>Am Montag, den 18.11.24 besuchte die Klasse 1b, im Rahmen ihres Waldtages, die Erlenwald Lamas in Ascholding.<br \/>Zun\u00e4chst stellte uns Michaela, die Lamahof-Besitzerin, ihre wundervollen Tiere und deren witzige Eigenschaften vor. Danach durften jeweils 3-4 Kinder ein Lama f\u00fchren. Der Spaziergang war wunderbar und die Sch\u00fcler und Sch\u00fclerinnen lernten einiges \u00fcber die gutm\u00fctigen Huftiere kennen.<br \/>Danach st\u00e4rkten und w\u00e4rmten sich alle rund ums Lagerfeuer wieder auf. Anschlie\u00dfend ging die Klasse noch zu den Lama-Stuten und die Kinder konnten das Lamafohlen, welches am 08.08.24 auf die Welt gekommen war, bewundern.<br \/>Abschlie\u00dfend schrieben die Sch\u00fcler und Sch\u00fclerinnen mit gesammelten Kastanien die W\u00f6rter \u201eLama\u201c, \u201eLamas\u201c und sogar Lamababy.<br \/>Als kleines Abschiedsgeschenk erhielt jedes Kind ein kleines T\u00fctchen mit Lamawolle.<br \/>Es war ein unvergesslich sch\u00f6ner Schultag! Und niemand wurde von einem Lama angespuckt &#x1f60a;! Danke nochmal an Michaela, die uns so gut mit ihren wunderbaren Tieren vertraut gemacht hat!<br \/><img decoding=\"async\" loading=\"lazy\" class=\"alignnone  wp-image-1993\" src=\"http:\/\/schule-dietramszell.de\/wp-content\/uploads\/2024\/11\/DSC07058-300x225.jpg\" alt=\"\" width=\"244\" height=\"183\" srcset=\"https:\/\/schule-dietramszell.de\/wp-content\/uploads\/2024\/11\/DSC07058-300x225.jpg 300w, https:\/\/schule-dietramszell.de\/wp-content\/uploads\/2024\/11\/DSC07058-1024x768.jpg 1024w, https:\/\/schule-dietramszell.de\/wp-content\/uploads\/2024\/11\/DSC07058-768x576.jpg 768w, https:\/\/schule-dietramszell.de\/wp-content\/uploads\/2024\/11\/DSC07058-1536x1152.jpg 1536w, https:\/\/schule-dietramszell.de\/wp-content\/uploads\/2024\/11\/DSC07058-2048x1536.jpg 2048w\" sizes=\"(max-width: 244px) 100vw, 244px\" \/> <img decoding=\"async\" loading=\"lazy\" class=\"alignnone  wp-image-1994\" src=\"http:\/\/schule-dietramszell.de\/wp-content\/uploads\/2024\/11\/DSC07075-300x225.jpg\" alt=\"\" width=\"241\" height=\"181\" srcset=\"https:\/\/schule-dietramszell.de\/wp-content\/uploads\/2024\/11\/DSC07075-300x225.jpg 300w, https:\/\/schule-dietramszell.de\/wp-content\/uploads\/2024\/11\/DSC07075-1024x768.jpg 1024w, https:\/\/schule-dietramszell.de\/wp-content\/uploads\/2024\/11\/DSC07075-768x576.jpg 768w, https:\/\/schule-dietramszell.de\/wp-content\/uploads\/2024\/11\/DSC07075-1536x1152.jpg 1536w, https:\/\/schule-dietramszell.de\/wp-content\/uploads\/2024\/11\/DSC07075-2048x1536.jpg 2048w\" sizes=\"(max-width: 241px) 100vw, 241px\" \/> <img decoding=\"async\" loading=\"lazy\" class=\"alignnone  wp-image-1995\" src=\"http:\/\/schule-dietramszell.de\/wp-content\/uploads\/2024\/11\/DSC07097-300x225.jpg\" alt=\"\" width=\"246\" height=\"185\" srcset=\"https:\/\/schule-dietramszell.de\/wp-content\/uploads\/2024\/11\/DSC07097-300x225.jpg 300w, https:\/\/schule-dietramszell.de\/wp-content\/uploads\/2024\/11\/DSC07097-1024x768.jpg 1024w, https:\/\/schule-dietramszell.de\/wp-content\/uploads\/2024\/11\/DSC07097-768x576.jpg 768w, https:\/\/schule-dietramszell.de\/wp-content\/uploads\/2024\/11\/DSC07097-1536x1152.jpg 1536w, https:\/\/schule-dietramszell.de\/wp-content\/uploads\/2024\/11\/DSC07097-2048x1536.jpg 2048w\" sizes=\"(max-width: 246px) 100vw, 246px\" \/> <img decoding=\"async\" loading=\"lazy\" class=\"alignnone  wp-image-1996\" src=\"http:\/\/schule-dietramszell.de\/wp-content\/uploads\/2024\/11\/DSC07132-300x225.jpg\" alt=\"\" width=\"245\" height=\"184\" srcset=\"https:\/\/schule-dietramszell.de\/wp-content\/uploads\/2024\/11\/DSC07132-300x225.jpg 300w, https:\/\/schule-dietramszell.de\/wp-content\/uploads\/2024\/11\/DSC07132-1024x768.jpg 1024w, https:\/\/schule-dietramszell.de\/wp-content\/uploads\/2024\/11\/DSC07132-768x576.jpg 768w, https:\/\/schule-dietramszell.de\/wp-content\/uploads\/2024\/11\/DSC07132-1536x1152.jpg 1536w, https:\/\/schule-dietramszell.de\/wp-content\/uploads\/2024\/11\/DSC07132-2048x1536.jpg 2048w\" sizes=\"(max-width: 245px) 100vw, 245px\" \/><\/p>\r\n<p>&nbsp;<\/p>\r\n<p style=\"text-align: right;\">Julia Smyrek, Klassleitung 1b<\/p>\r\n\r\n\r\n\r\n\r\n\r\n<p style=\"text-align: right;\">12.11.2024<\/p>\r\n<p>Unser neues Monatsmotto wird ge\u00fcbt:<br \/><img decoding=\"async\" loading=\"lazy\" class=\"alignnone size-medium wp-image-1988\" src=\"http:\/\/schule-dietramszell.de\/wp-content\/uploads\/2024\/11\/Anstellen-300x225.jpg\" alt=\"\" width=\"300\" height=\"225\" srcset=\"https:\/\/schule-dietramszell.de\/wp-content\/uploads\/2024\/11\/Anstellen-300x225.jpg 300w, https:\/\/schule-dietramszell.de\/wp-content\/uploads\/2024\/11\/Anstellen-1024x768.jpg 1024w, https:\/\/schule-dietramszell.de\/wp-content\/uploads\/2024\/11\/Anstellen-768x576.jpg 768w, https:\/\/schule-dietramszell.de\/wp-content\/uploads\/2024\/11\/Anstellen-1536x1152.jpg 1536w, https:\/\/schule-dietramszell.de\/wp-content\/uploads\/2024\/11\/Anstellen-2048x1536.jpg 2048w\" sizes=\"(max-width: 300px) 100vw, 300px\" \/><br \/>S. Falkenhahn, Rin<\/p>\r\n\r\n\r\n\r\n<p style=\"text-align: right;\">07.11.2024<\/p>\r\n<p>\u00a0 \u00a0<img decoding=\"async\" loading=\"lazy\" class=\"alignnone size-medium wp-image-1975\" src=\"http:\/\/schule-dietramszell.de\/wp-content\/uploads\/2024\/11\/Leseabend_4b-212x300.jpg\" alt=\"\" width=\"212\" height=\"300\" srcset=\"https:\/\/schule-dietramszell.de\/wp-content\/uploads\/2024\/11\/Leseabend_4b-212x300.jpg 212w, https:\/\/schule-dietramszell.de\/wp-content\/uploads\/2024\/11\/Leseabend_4b-724x1024.jpg 724w, https:\/\/schule-dietramszell.de\/wp-content\/uploads\/2024\/11\/Leseabend_4b-768x1086.jpg 768w, https:\/\/schule-dietramszell.de\/wp-content\/uploads\/2024\/11\/Leseabend_4b-1086x1536.jpg 1086w, https:\/\/schule-dietramszell.de\/wp-content\/uploads\/2024\/11\/Leseabend_4b-1448x2048.jpg 1448w, https:\/\/schule-dietramszell.de\/wp-content\/uploads\/2024\/11\/Leseabend_4b-scaled.jpg 1810w\" sizes=\"(max-width: 212px) 100vw, 212px\" \/>\u00a0<\/p>\r\n\r\n\r\n\r\n<p style=\"text-align: right;\">23.10.2024<\/p>\r\n<p><span style=\"font-size: 24px; color: #00ccff;\"><strong>Wir nutzen die sch\u00f6nen Herbsttage f\u00fcr unsere &#8222;Waldschule&#8220;&#8230;<\/strong><\/span><br \/><img decoding=\"async\" loading=\"lazy\" class=\"alignnone size-medium wp-image-1954\" src=\"http:\/\/schule-dietramszell.de\/wp-content\/uploads\/2024\/10\/4-212x300.png\" alt=\"\" width=\"212\" height=\"300\" srcset=\"https:\/\/schule-dietramszell.de\/wp-content\/uploads\/2024\/10\/4-212x300.png 212w, https:\/\/schule-dietramszell.de\/wp-content\/uploads\/2024\/10\/4-724x1024.png 724w, https:\/\/schule-dietramszell.de\/wp-content\/uploads\/2024\/10\/4-768x1086.png 768w, https:\/\/schule-dietramszell.de\/wp-content\/uploads\/2024\/10\/4-1086x1536.png 1086w, https:\/\/schule-dietramszell.de\/wp-content\/uploads\/2024\/10\/4-1448x2048.png 1448w\" sizes=\"(max-width: 212px) 100vw, 212px\" \/> <img decoding=\"async\" loading=\"lazy\" class=\"alignnone size-medium wp-image-1955\" src=\"http:\/\/schule-dietramszell.de\/wp-content\/uploads\/2024\/10\/5-212x300.png\" alt=\"\" width=\"212\" height=\"300\" srcset=\"https:\/\/schule-dietramszell.de\/wp-content\/uploads\/2024\/10\/5-212x300.png 212w, https:\/\/schule-dietramszell.de\/wp-content\/uploads\/2024\/10\/5-724x1024.png 724w, https:\/\/schule-dietramszell.de\/wp-content\/uploads\/2024\/10\/5-768x1086.png 768w, https:\/\/schule-dietramszell.de\/wp-content\/uploads\/2024\/10\/5-1086x1536.png 1086w, https:\/\/schule-dietramszell.de\/wp-content\/uploads\/2024\/10\/5-1448x2048.png 1448w\" sizes=\"(max-width: 212px) 100vw, 212px\" \/> <img decoding=\"async\" loading=\"lazy\" class=\"alignnone size-medium wp-image-1956\" src=\"http:\/\/schule-dietramszell.de\/wp-content\/uploads\/2024\/10\/12-212x300.png\" alt=\"\" width=\"212\" height=\"300\" srcset=\"https:\/\/schule-dietramszell.de\/wp-content\/uploads\/2024\/10\/12-212x300.png 212w, https:\/\/schule-dietramszell.de\/wp-content\/uploads\/2024\/10\/12-724x1024.png 724w, https:\/\/schule-dietramszell.de\/wp-content\/uploads\/2024\/10\/12-768x1086.png 768w, https:\/\/schule-dietramszell.de\/wp-content\/uploads\/2024\/10\/12-1086x1536.png 1086w, https:\/\/schule-dietramszell.de\/wp-content\/uploads\/2024\/10\/12-1448x2048.png 1448w\" sizes=\"(max-width: 212px) 100vw, 212px\" \/> <img decoding=\"async\" loading=\"lazy\" class=\"alignnone size-medium wp-image-1957\" src=\"http:\/\/schule-dietramszell.de\/wp-content\/uploads\/2024\/10\/13-212x300.png\" alt=\"\" width=\"212\" height=\"300\" srcset=\"https:\/\/schule-dietramszell.de\/wp-content\/uploads\/2024\/10\/13-212x300.png 212w, https:\/\/schule-dietramszell.de\/wp-content\/uploads\/2024\/10\/13-724x1024.png 724w, https:\/\/schule-dietramszell.de\/wp-content\/uploads\/2024\/10\/13-768x1086.png 768w, https:\/\/schule-dietramszell.de\/wp-content\/uploads\/2024\/10\/13-1086x1536.png 1086w, https:\/\/schule-dietramszell.de\/wp-content\/uploads\/2024\/10\/13-1448x2048.png 1448w\" sizes=\"(max-width: 212px) 100vw, 212px\" \/><img decoding=\"async\" loading=\"lazy\" class=\"alignnone size-medium wp-image-1962\" src=\"http:\/\/schule-dietramszell.de\/wp-content\/uploads\/2024\/10\/14-212x300.png\" alt=\"\" width=\"212\" height=\"300\" srcset=\"https:\/\/schule-dietramszell.de\/wp-content\/uploads\/2024\/10\/14-212x300.png 212w, https:\/\/schule-dietramszell.de\/wp-content\/uploads\/2024\/10\/14-724x1024.png 724w, https:\/\/schule-dietramszell.de\/wp-content\/uploads\/2024\/10\/14-768x1086.png 768w, https:\/\/schule-dietramszell.de\/wp-content\/uploads\/2024\/10\/14-1086x1536.png 1086w, https:\/\/schule-dietramszell.de\/wp-content\/uploads\/2024\/10\/14-1448x2048.png 1448w\" sizes=\"(max-width: 212px) 100vw, 212px\" \/><img decoding=\"async\" loading=\"lazy\" class=\"wp-image-1958 size-medium alignleft\" src=\"http:\/\/schule-dietramszell.de\/wp-content\/uploads\/2024\/10\/Fuessler-e1729683696279-300x100.jpeg\" alt=\"\" width=\"300\" height=\"100\" srcset=\"https:\/\/schule-dietramszell.de\/wp-content\/uploads\/2024\/10\/Fuessler-e1729683696279-300x100.jpeg 300w, https:\/\/schule-dietramszell.de\/wp-content\/uploads\/2024\/10\/Fuessler-e1729683696279-1024x342.jpeg 1024w, https:\/\/schule-dietramszell.de\/wp-content\/uploads\/2024\/10\/Fuessler-e1729683696279-768x256.jpeg 768w, https:\/\/schule-dietramszell.de\/wp-content\/uploads\/2024\/10\/Fuessler-e1729683696279.jpeg 1352w\" sizes=\"(max-width: 300px) 100vw, 300px\" \/><img decoding=\"async\" loading=\"lazy\" class=\"alignnone size-medium wp-image-1974\" src=\"http:\/\/schule-dietramszell.de\/wp-content\/uploads\/2024\/11\/Gitarre-212x300.jpg\" alt=\"\" width=\"212\" height=\"300\" srcset=\"https:\/\/schule-dietramszell.de\/wp-content\/uploads\/2024\/11\/Gitarre-212x300.jpg 212w, https:\/\/schule-dietramszell.de\/wp-content\/uploads\/2024\/11\/Gitarre-724x1024.jpg 724w, https:\/\/schule-dietramszell.de\/wp-content\/uploads\/2024\/11\/Gitarre-768x1086.jpg 768w, https:\/\/schule-dietramszell.de\/wp-content\/uploads\/2024\/11\/Gitarre-1086x1536.jpg 1086w, https:\/\/schule-dietramszell.de\/wp-content\/uploads\/2024\/11\/Gitarre-1448x2048.jpg 1448w, https:\/\/schule-dietramszell.de\/wp-content\/uploads\/2024\/11\/Gitarre-scaled.jpg 1810w\" sizes=\"(max-width: 212px) 100vw, 212px\" \/>\u00a0 \u00a0 <img decoding=\"async\" loading=\"lazy\" class=\"alignnone size-medium wp-image-1973\" src=\"http:\/\/schule-dietramszell.de\/wp-content\/uploads\/2024\/11\/IMG_1182-300x222.jpeg\" alt=\"\" width=\"300\" height=\"222\" srcset=\"https:\/\/schule-dietramszell.de\/wp-content\/uploads\/2024\/11\/IMG_1182-300x222.jpeg 300w, https:\/\/schule-dietramszell.de\/wp-content\/uploads\/2024\/11\/IMG_1182-1024x758.jpeg 1024w, https:\/\/schule-dietramszell.de\/wp-content\/uploads\/2024\/11\/IMG_1182-768x568.jpeg 768w, https:\/\/schule-dietramszell.de\/wp-content\/uploads\/2024\/11\/IMG_1182.jpeg 1142w\" sizes=\"(max-width: 300px) 100vw, 300px\" \/>\u00a0 \u00a0 \u00a0 \u00a0 \u00a0 \u00a0 \u00a0 \u00a0 \u00a0 \u00a0 C. Beckmann, D. Leopold<\/p>\r\n\r\n\r\n\r\n<p style=\"text-align: right;\">18.10.24<\/p>\r\n<p><strong><span style=\"font-size: 24px; color: #ff0000;\">&#8230; ein gelungener Start!<\/span><\/strong><\/p>\r\n<p>Die ABC-Sch\u00fctzen bedanken sich herzlich beim Elternbeirat f\u00fcr die T-Shirts zur Einschulung!<\/p>\r\n<p>\u00a0<img decoding=\"async\" loading=\"lazy\" class=\"alignnone size-medium wp-image-1950\" src=\"http:\/\/schule-dietramszell.de\/wp-content\/uploads\/2024\/10\/t-Shirts-300x225.jpeg\" alt=\"\" width=\"300\" height=\"225\" srcset=\"https:\/\/schule-dietramszell.de\/wp-content\/uploads\/2024\/10\/t-Shirts-300x225.jpeg 300w, https:\/\/schule-dietramszell.de\/wp-content\/uploads\/2024\/10\/t-Shirts-1024x768.jpeg 1024w, https:\/\/schule-dietramszell.de\/wp-content\/uploads\/2024\/10\/t-Shirts-768x576.jpeg 768w, https:\/\/schule-dietramszell.de\/wp-content\/uploads\/2024\/10\/t-Shirts-1536x1152.jpeg 1536w, https:\/\/schule-dietramszell.de\/wp-content\/uploads\/2024\/10\/t-Shirts.jpeg 2040w\" sizes=\"(max-width: 300px) 100vw, 300px\" \/><\/p>\r\n<p>Auch die Brotzeitboxen, eine Spende der Hofpfisterei, wurden gefeiert.<br \/><img decoding=\"async\" loading=\"lazy\" class=\"alignnone size-medium wp-image-1949\" src=\"http:\/\/schule-dietramszell.de\/wp-content\/uploads\/2024\/10\/Brotzeitbox-2-225x300.jpeg\" alt=\"\" width=\"225\" height=\"300\" srcset=\"https:\/\/schule-dietramszell.de\/wp-content\/uploads\/2024\/10\/Brotzeitbox-2-225x300.jpeg 225w, https:\/\/schule-dietramszell.de\/wp-content\/uploads\/2024\/10\/Brotzeitbox-2-768x1024.jpeg 768w, https:\/\/schule-dietramszell.de\/wp-content\/uploads\/2024\/10\/Brotzeitbox-2-1152x1536.jpeg 1152w, https:\/\/schule-dietramszell.de\/wp-content\/uploads\/2024\/10\/Brotzeitbox-2.jpeg 1530w\" sizes=\"(max-width: 225px) 100vw, 225px\" \/><\/p>\r\n<p>s. Falkenhahn, Rin<\/p>\r\n\r\n\r\n\r\n<figure class=\"wp-block-image\"><img alt=\"\" \/><\/figure>\r\n\r\n\r\n\r\n<figure class=\"wp-block-image\"><img alt=\"\" \/><\/figure>\r\n\r\n\r\n\r\n<figure class=\"wp-block-image\"><img alt=\"\" \/><\/figure>\r\n\r\n\r\n\r\n<figure class=\"wp-block-image\"><img alt=\"\" \/><\/figure>\r\n\r\n\r\n\r\n<figure class=\"wp-block-image\"><img alt=\"\" \/><\/figure>\r\n\r\n\r\n\r\n<figure class=\"wp-block-image\"><img alt=\"\" \/><\/figure>\r\n\r\n\r\n\r\n<figure class=\"wp-block-image\"><img alt=\"\" \/><\/figure>\r\n","protected":false},"excerpt":{"rendered":"<p>Im Rahmen der Waldschule (am 14.04.2026) haben die Sch\u00fcler und Sch\u00fclerinnen der Klasse 2B und 3A, einen besonderen Auftrag bekommen. In Dreier-Gruppen durfte sie mit dem Tablet ihre sch\u00f6nsten Eindr\u00fccke in maximal 12 Bildern fest halten. Anschlie\u00dfend haben die Kinder mit Frau Leopold die ausgew\u00e4hlten Fotos auf das Programm CANVA hochgeladen und ihr eigenes Plakat [&hellip;]<\/p>\n","protected":false},"author":2,"featured_media":0,"parent":0,"menu_order":0,"comment_status":"closed","ping_status":"closed","template":"","meta":[],"_links":{"self":[{"href":"https:\/\/schule-dietramszell.de\/index.php?rest_route=\/wp\/v2\/pages\/274"}],"collection":[{"href":"https:\/\/schule-dietramszell.de\/index.php?rest_route=\/wp\/v2\/pages"}],"about":[{"href":"https:\/\/schule-dietramszell.de\/index.php?rest_route=\/wp\/v2\/types\/page"}],"author":[{"embeddable":true,"href":"https:\/\/schule-dietramszell.de\/index.php?rest_route=\/wp\/v2\/users\/2"}],"replies":[{"embeddable":true,"href":"https:\/\/schule-dietramszell.de\/index.php?rest_route=%2Fwp%2Fv2%2Fcomments&post=274"}],"version-history":[{"count":182,"href":"https:\/\/schule-dietramszell.de\/index.php?rest_route=\/wp\/v2\/pages\/274\/revisions"}],"predecessor-version":[{"id":2296,"href":"https:\/\/schule-dietramszell.de\/index.php?rest_route=\/wp\/v2\/pages\/274\/revisions\/2296"}],"wp:attachment":[{"href":"https:\/\/schule-dietramszell.de\/index.php?rest_route=%2Fwp%2Fv2%2Fmedia&parent=274"}],"curies":[{"name":"wp","href":"https:\/\/api.w.org\/{rel}","templated":true}]}}